{"id":15430,"date":"2024-02-12T05:48:17","date_gmt":"2024-02-12T04:48:17","guid":{"rendered":"https:\/\/cyclingdestination.cc\/?page_id=15430"},"modified":"2025-11-10T14:52:11","modified_gmt":"2025-11-10T13:52:11","slug":"verhalen-1","status":"publish","type":"page","link":"https:\/\/cyclingdestination.cc\/de\/verhalen-1","title":{"rendered":"Geschichten"},"content":{"rendered":"<div data-elementor-type=\"wp-page\" data-elementor-id=\"15430\" class=\"elementor elementor-15430\" data-elementor-post-type=\"page\">\n\t\t\t\t<div class=\"elementor-element elementor-element-3f3db892 e-flex e-con-boxed e-con e-parent\" data-id=\"3f3db892\" data-element_type=\"container\" data-e-type=\"container\" data-settings=\"{&quot;background_background&quot;:&quot;classic&quot;}\">\n\t\t\t\t\t<div class=\"e-con-inner\">\n\t\t\t\t<div class=\"elementor-element elementor-element-665ad758 elementor-widget elementor-widget-heading\" data-id=\"665ad758\" data-element_type=\"widget\" data-e-type=\"widget\" data-widget_type=\"heading.default\">\n\t\t\t\t<div class=\"elementor-widget-container\">\n\t\t\t\t\t<h1 class=\"elementor-heading-title elementor-size-default\">Geschichten<\/h1>\t\t\t\t<\/div>\n\t\t\t\t<\/div>\n\t\t\t\t<div class=\"elementor-element elementor-element-1b9e637 elementor-search-form--skin-classic elementor-search-form--button-type-icon elementor-search-form--icon-search elementor-widget elementor-widget-search-form\" data-id=\"1b9e637\" data-element_type=\"widget\" data-e-type=\"widget\" data-settings=\"{&quot;skin&quot;:&quot;classic&quot;}\" data-widget_type=\"search-form.default\">\n\t\t\t\t<div class=\"elementor-widget-container\">\n\t\t\t\t\t\t\t<search role=\"search\">\n\t\t\t<form class=\"elementor-search-form\" action=\"https:\/\/cyclingdestination.cc\/de\/\" method=\"get\" data-trp-original-action=\"https:\/\/cyclingdestination.cc\/de\">\n\t\t\t\t\t\t\t\t\t\t\t\t<div class=\"elementor-search-form__container\">\n\t\t\t\t\t<label class=\"elementor-screen-only\" for=\"elementor-search-form-1b9e637\">Suche<\/label>\n\n\t\t\t\t\t\n\t\t\t\t\t<input id=\"elementor-search-form-1b9e637\" placeholder=\"Suche in unseren Geschichten......\" class=\"elementor-search-form__input\" type=\"search\" name=\"s\" value=\"\">\n\t\t\t\t\t\n\t\t\t\t\t\t\t\t\t\t\t<button class=\"elementor-search-form__submit\" type=\"submit\" aria-label=\"Suche\">\n\t\t\t\t\t\t\t\t\t\t\t\t\t\t\t<div class=\"e-font-icon-svg-container\"><svg class=\"fa fa-search e-font-icon-svg e-fas-search\" viewbox=\"0 0 512 512\" xmlns=\"http:\/\/www.w3.org\/2000\/svg\"><path d=\"M505 442.7L405.3 343c-4.5-4.5-10.6-7-17-7H372c27.6-35.3 44-79.7 44-128C416 93.1 322.9 0 208 0S0 93.1 0 208s93.1 208 208 208c48.3 0 92.7-16.4 128-44v16.3c0 6.4 2.5 12.5 7 17l99.7 99.7c9.4 9.4 24.6 9.4 33.9 0l28.3-28.3c9.4-9.4 9.4-24.6.1-34zM208 336c-70.7 0-128-57.2-128-128 0-70.7 57.2-128 128-128 70.7 0 128 57.2 128 128 0 70.7-57.2 128-128 128z\"><\/path><\/svg><\/div>\t\t\t\t\t\t\t\t\t\t\t\t\t<\/button>\n\t\t\t\t\t\n\t\t\t\t\t\t\t\t\t<\/div>\n\t\t\t<input type=\"hidden\" name=\"trp-form-language\" value=\"de\"\/><\/form>\n\t\t<\/search>\n\t\t\t\t\t\t<\/div>\n\t\t\t\t<\/div>\n\t\t\t\t\t<\/div>\n\t\t\t\t<\/div>\n\t\t\t\t<section class=\"elementor-section elementor-top-section elementor-element elementor-element-4b884ea5 elementor-section-boxed elementor-section-height-default elementor-section-height-default\" data-id=\"4b884ea5\" data-element_type=\"section\" data-e-type=\"section\">\n\t\t\t\t\t\t<div class=\"elementor-container elementor-column-gap-default\">\n\t\t\t\t\t<div class=\"elementor-column elementor-col-100 elementor-top-column elementor-element elementor-element-a2e5c9e\" data-id=\"a2e5c9e\" data-element_type=\"column\" data-e-type=\"column\">\n\t\t\t<div class=\"elementor-widget-wrap elementor-element-populated\">\n\t\t\t\t\t\t<div class=\"elementor-element elementor-element-435e1471 elementor-widget elementor-widget-heading\" data-id=\"435e1471\" data-element_type=\"widget\" data-e-type=\"widget\" data-widget_type=\"heading.default\">\n\t\t\t\t<div class=\"elementor-widget-container\">\n\t\t\t\t\t<h2 class=\"elementor-heading-title elementor-size-default\">Geschichten<\/h2>\t\t\t\t<\/div>\n\t\t\t\t<\/div>\n\t\t\t\t<div class=\"elementor-element elementor-element-15246373 elementor-widget elementor-widget-text-editor\" data-id=\"15246373\" data-element_type=\"widget\" data-e-type=\"widget\" data-widget_type=\"text-editor.default\">\n\t\t\t\t<div class=\"elementor-widget-container\">\n\t\t\t\t\t\t\t\t\t<span style=\"background-color: var( --e-global-color-ca969fe ); font-family: -apple-system, BlinkMacSystemFont, 'Segoe UI', Roboto, 'Helvetica Neue', Arial, 'Noto Sans', sans-serif, 'Apple Color Emoji', 'Segoe UI Emoji', 'Segoe UI Symbol', 'Noto Color Emoji'; font-size: 1rem;\">Bei CyclingDestination m\u00f6chten wir Sie mit Geschichten \u00fcber das Radfahren, Radreiseziele und mehr inspirieren. In diesen Geschichten nehmen unsere Entdecker Sie mit auf eine Reise. Die Artikel enthalten Routen und Tipps \u00fcber die Region, Kaffeestopps und mehr. Wo auch immer Sie radeln wollen, wir haben tolle Inhalte dazu...<\/span>\n\n<span style=\"background-color: var( --e-global-color-ca969fe ); font-family: -apple-system, BlinkMacSystemFont, 'Segoe UI', Roboto, 'Helvetica Neue', Arial, 'Noto Sans', sans-serif, 'Apple Color Emoji', 'Segoe UI Emoji', 'Segoe UI Symbol', 'Noto Color Emoji'; font-size: 1rem;\">Haben Sie Ihre eigene Region, die Sie gerne wiedersehen w\u00fcrden? Schreiben Sie unserer Redaktion \u00fcber das Kontaktformular!<\/span>\t\t\t\t\t\t\t\t<\/div>\n\t\t\t\t<\/div>\n\t\t\t\t\t<\/div>\n\t\t<\/div>\n\t\t\t\t\t<\/div>\n\t\t<\/section>\n\t\t<div class=\"elementor-element elementor-element-36797d64 e-flex e-con-boxed e-con e-parent\" data-id=\"36797d64\" data-element_type=\"container\" data-e-type=\"container\">\n\t\t\t\t\t<div class=\"e-con-inner\">\n\t\t\t\t<div class=\"elementor-element elementor-element-a5099b7 tips-blog elementor-grid-3 elementor-grid-tablet-2 elementor-grid-mobile-1 elementor-posts--thumbnail-top elementor-invisible elementor-widget elementor-widget-posts\" data-id=\"a5099b7\" data-element_type=\"widget\" data-e-type=\"widget\" data-settings=\"{&quot;_animation&quot;:&quot;fadeInUp&quot;,&quot;pagination_type&quot;:&quot;numbers_and_prev_next&quot;,&quot;classic_columns&quot;:&quot;3&quot;,&quot;classic_columns_tablet&quot;:&quot;2&quot;,&quot;classic_columns_mobile&quot;:&quot;1&quot;,&quot;classic_row_gap&quot;:{&quot;unit&quot;:&quot;px&quot;,&quot;size&quot;:35,&quot;sizes&quot;:[]},&quot;classic_row_gap_laptop&quot;:{&quot;unit&quot;:&quot;px&quot;,&quot;size&quot;:&quot;&quot;,&quot;sizes&quot;:[]},&quot;classic_row_gap_tablet&quot;:{&quot;unit&quot;:&quot;px&quot;,&quot;size&quot;:&quot;&quot;,&quot;sizes&quot;:[]},&quot;classic_row_gap_mobile&quot;:{&quot;unit&quot;:&quot;px&quot;,&quot;size&quot;:&quot;&quot;,&quot;sizes&quot;:[]}}\" data-widget_type=\"posts.classic\">\n\t\t\t\t<div class=\"elementor-widget-container\">\n\t\t\t\t\t\t\t<div class=\"elementor-posts-container elementor-posts elementor-posts--skin-classic elementor-grid\" role=\"list\">\n\t\t\t\t<article class=\"elementor-post elementor-grid-item post-26342 post type-post status-publish format-standard has-post-thumbnail hentry category-italie category-ligurie category-verhalen tag-fietspaden tag-ligurie tag-pedala-a-ponente\" role=\"listitem\">\n\t\t\t\t<a class=\"elementor-post__thumbnail__link\" href=\"https:\/\/cyclingdestination.cc\/de\/verhalen\/pedala-a-ponente-liguria-cycling-network-guide\" tabindex=\"-1\" >\n\t\t\t<div class=\"elementor-post__thumbnail\"><img fetchpriority=\"high\" decoding=\"async\" width=\"1920\" height=\"1280\" src=\"https:\/\/cyclingdestination.cc\/wp-content\/uploads\/2026\/04\/AdobeStock_466710788.jpeg\" class=\"attachment-full size-full wp-image-26498\" alt=\"\" srcset=\"https:\/\/cyclingdestination.cc\/wp-content\/uploads\/2026\/04\/AdobeStock_466710788.jpeg 1920w, https:\/\/cyclingdestination.cc\/wp-content\/uploads\/2026\/04\/AdobeStock_466710788-300x200.jpeg 300w, https:\/\/cyclingdestination.cc\/wp-content\/uploads\/2026\/04\/AdobeStock_466710788-1024x683.jpeg 1024w, https:\/\/cyclingdestination.cc\/wp-content\/uploads\/2026\/04\/AdobeStock_466710788-768x512.jpeg 768w, https:\/\/cyclingdestination.cc\/wp-content\/uploads\/2026\/04\/AdobeStock_466710788-1536x1024.jpeg 1536w, https:\/\/cyclingdestination.cc\/wp-content\/uploads\/2026\/04\/AdobeStock_466710788-18x12.jpeg 18w\" sizes=\"(max-width: 1920px) 100vw, 1920px\" \/><\/div>\n\t\t<\/a>\n\t\t\t\t<div class=\"elementor-post__text\">\n\t\t\t\t<h3 class=\"elementor-post__title\">\n\t\t\t<a href=\"https:\/\/cyclingdestination.cc\/de\/verhalen\/pedala-a-ponente-liguria-cycling-network-guide\" >\n\t\t\t\tPedala a Ponente \u2013 1.600 Kilometer Reden om het Ligurische Binnenland in te Duiken\t\t\t<\/a>\n\t\t<\/h3>\n\t\t\n\t\t<a class=\"elementor-post__read-more\" href=\"https:\/\/cyclingdestination.cc\/de\/verhalen\/pedala-a-ponente-liguria-cycling-network-guide\" aria-label=\"Mehr \u00fcber Pedala a Ponente \u2013 1.600 Kilometer Reden om het Ligurische Binnenland in te Duiken\" tabindex=\"-1\" >\n\t\t\tMehr lesen\t\t<\/a>\n\n\t\t\t\t<\/div>\n\t\t\t\t<\/article>\n\t\t\t\t<article class=\"elementor-post elementor-grid-item post-26475 post type-post status-publish format-standard has-post-thumbnail hentry category-extremadura category-spanje category-verhalen tag-extremadura tag-greenways tag-spanje\" role=\"listitem\">\n\t\t\t\t<a class=\"elementor-post__thumbnail__link\" href=\"https:\/\/cyclingdestination.cc\/de\/verhalen\/onontdekt-extremadura-in-spanje-mag-op-de-bucketlist-voor-jouw-volgende-fietsvakantie\" tabindex=\"-1\" >\n\t\t\t<div class=\"elementor-post__thumbnail\"><img decoding=\"async\" width=\"1920\" height=\"1280\" src=\"https:\/\/cyclingdestination.cc\/wp-content\/uploads\/2026\/04\/Via-Verde-de-Monfrague-\u00a9-Turismo-de-Extremadura-5.jpg\" class=\"attachment-full size-full wp-image-26483\" alt=\"\" srcset=\"https:\/\/cyclingdestination.cc\/wp-content\/uploads\/2026\/04\/Via-Verde-de-Monfrague-\u00a9-Turismo-de-Extremadura-5.jpg 1920w, https:\/\/cyclingdestination.cc\/wp-content\/uploads\/2026\/04\/Via-Verde-de-Monfrague-\u00a9-Turismo-de-Extremadura-5-300x200.jpg 300w, https:\/\/cyclingdestination.cc\/wp-content\/uploads\/2026\/04\/Via-Verde-de-Monfrague-\u00a9-Turismo-de-Extremadura-5-1024x683.jpg 1024w, https:\/\/cyclingdestination.cc\/wp-content\/uploads\/2026\/04\/Via-Verde-de-Monfrague-\u00a9-Turismo-de-Extremadura-5-768x512.jpg 768w, https:\/\/cyclingdestination.cc\/wp-content\/uploads\/2026\/04\/Via-Verde-de-Monfrague-\u00a9-Turismo-de-Extremadura-5-1536x1024.jpg 1536w, https:\/\/cyclingdestination.cc\/wp-content\/uploads\/2026\/04\/Via-Verde-de-Monfrague-\u00a9-Turismo-de-Extremadura-5-18x12.jpg 18w\" sizes=\"(max-width: 1920px) 100vw, 1920px\" \/><\/div>\n\t\t<\/a>\n\t\t\t\t<div class=\"elementor-post__text\">\n\t\t\t\t<h3 class=\"elementor-post__title\">\n\t\t\t<a href=\"https:\/\/cyclingdestination.cc\/de\/verhalen\/onontdekt-extremadura-in-spanje-mag-op-de-bucketlist-voor-jouw-volgende-fietsvakantie\" >\n\t\t\t\tOnontdekt: Extremadura in Spanje mag op de bucketlist voor jouw volgende fietsvakantie\t\t\t<\/a>\n\t\t<\/h3>\n\t\t\n\t\t<a class=\"elementor-post__read-more\" href=\"https:\/\/cyclingdestination.cc\/de\/verhalen\/onontdekt-extremadura-in-spanje-mag-op-de-bucketlist-voor-jouw-volgende-fietsvakantie\" aria-label=\"Mehr \u00fcber Onontdekt: Extremadura in Spanje mag op de bucketlist voor jouw volgende fietsvakantie\" tabindex=\"-1\" >\n\t\t\tMehr lesen\t\t<\/a>\n\n\t\t\t\t<\/div>\n\t\t\t\t<\/article>\n\t\t\t\t<article class=\"elementor-post elementor-grid-item post-26462 post type-post status-publish format-standard has-post-thumbnail hentry category-nieuws category-verhalen category-zweden tag-gravel tag-vatternrundan\" role=\"listitem\">\n\t\t\t\t<a class=\"elementor-post__thumbnail__link\" href=\"https:\/\/cyclingdestination.cc\/de\/nieuws\/vatternrundan-gravel-event-motala-zweden-2026\" tabindex=\"-1\" >\n\t\t\t<div class=\"elementor-post__thumbnail\"><img decoding=\"async\" width=\"1920\" height=\"1280\" src=\"https:\/\/cyclingdestination.cc\/wp-content\/uploads\/2026\/04\/patrik_svedberg-biking_with_a_view-6425-2.jpg\" class=\"attachment-full size-full wp-image-26473\" alt=\"\" srcset=\"https:\/\/cyclingdestination.cc\/wp-content\/uploads\/2026\/04\/patrik_svedberg-biking_with_a_view-6425-2.jpg 1920w, https:\/\/cyclingdestination.cc\/wp-content\/uploads\/2026\/04\/patrik_svedberg-biking_with_a_view-6425-2-300x200.jpg 300w, https:\/\/cyclingdestination.cc\/wp-content\/uploads\/2026\/04\/patrik_svedberg-biking_with_a_view-6425-2-1024x683.jpg 1024w, https:\/\/cyclingdestination.cc\/wp-content\/uploads\/2026\/04\/patrik_svedberg-biking_with_a_view-6425-2-768x512.jpg 768w, https:\/\/cyclingdestination.cc\/wp-content\/uploads\/2026\/04\/patrik_svedberg-biking_with_a_view-6425-2-1536x1024.jpg 1536w, https:\/\/cyclingdestination.cc\/wp-content\/uploads\/2026\/04\/patrik_svedberg-biking_with_a_view-6425-2-18x12.jpg 18w\" sizes=\"(max-width: 1920px) 100vw, 1920px\" \/><\/div>\n\t\t<\/a>\n\t\t\t\t<div class=\"elementor-post__text\">\n\t\t\t\t<h3 class=\"elementor-post__title\">\n\t\t\t<a href=\"https:\/\/cyclingdestination.cc\/de\/nieuws\/vatternrundan-gravel-event-motala-zweden-2026\" >\n\t\t\t\tV\u00e4tternrundan voegt gravel race toe in September 2026\t\t\t<\/a>\n\t\t<\/h3>\n\t\t\n\t\t<a class=\"elementor-post__read-more\" href=\"https:\/\/cyclingdestination.cc\/de\/nieuws\/vatternrundan-gravel-event-motala-zweden-2026\" aria-label=\"Mehr \u00fcber V\u00e4tternrundan voegt gravel race toe in September 2026\" tabindex=\"-1\" >\n\t\t\tMehr lesen\t\t<\/a>\n\n\t\t\t\t<\/div>\n\t\t\t\t<\/article>\n\t\t\t\t<article class=\"elementor-post elementor-grid-item post-26399 post type-post status-publish format-standard has-post-thumbnail hentry category-gravel category-spanje category-verhalen tag-catalonie tag-grand-tour-catalonie tag-gravel\" role=\"listitem\">\n\t\t\t\t<a class=\"elementor-post__thumbnail__link\" href=\"https:\/\/cyclingdestination.cc\/de\/gravel\/grand-tour-catalunya-gravel-route-catalonie-2500km\" tabindex=\"-1\" >\n\t\t\t<div class=\"elementor-post__thumbnail\"><img loading=\"lazy\" decoding=\"async\" width=\"1920\" height=\"1280\" src=\"https:\/\/cyclingdestination.cc\/wp-content\/uploads\/2025\/11\/\u00a9Bram-de-Vrind.-202304-Catalunya-Costa-Brava-fietsreis-Catalonie-04.jpg\" class=\"attachment-full size-full wp-image-25340\" alt=\"\" srcset=\"https:\/\/cyclingdestination.cc\/wp-content\/uploads\/2025\/11\/\u00a9Bram-de-Vrind.-202304-Catalunya-Costa-Brava-fietsreis-Catalonie-04.jpg 1920w, https:\/\/cyclingdestination.cc\/wp-content\/uploads\/2025\/11\/\u00a9Bram-de-Vrind.-202304-Catalunya-Costa-Brava-fietsreis-Catalonie-04-300x200.jpg 300w, https:\/\/cyclingdestination.cc\/wp-content\/uploads\/2025\/11\/\u00a9Bram-de-Vrind.-202304-Catalunya-Costa-Brava-fietsreis-Catalonie-04-1024x683.jpg 1024w, https:\/\/cyclingdestination.cc\/wp-content\/uploads\/2025\/11\/\u00a9Bram-de-Vrind.-202304-Catalunya-Costa-Brava-fietsreis-Catalonie-04-768x512.jpg 768w, https:\/\/cyclingdestination.cc\/wp-content\/uploads\/2025\/11\/\u00a9Bram-de-Vrind.-202304-Catalunya-Costa-Brava-fietsreis-Catalonie-04-1536x1024.jpg 1536w, https:\/\/cyclingdestination.cc\/wp-content\/uploads\/2025\/11\/\u00a9Bram-de-Vrind.-202304-Catalunya-Costa-Brava-fietsreis-Catalonie-04-18x12.jpg 18w\" sizes=\"(max-width: 1920px) 100vw, 1920px\" \/><\/div>\n\t\t<\/a>\n\t\t\t\t<div class=\"elementor-post__text\">\n\t\t\t\t<h3 class=\"elementor-post__title\">\n\t\t\t<a href=\"https:\/\/cyclingdestination.cc\/de\/gravel\/grand-tour-catalunya-gravel-route-catalonie-2500km\" >\n\t\t\t\tGrand Tour Catalunya Gravel Gelanceerd: 2.500 km Zelfgereden Gravelronde Door Cataloni\u00eb\t\t\t<\/a>\n\t\t<\/h3>\n\t\t\n\t\t<a class=\"elementor-post__read-more\" href=\"https:\/\/cyclingdestination.cc\/de\/gravel\/grand-tour-catalunya-gravel-route-catalonie-2500km\" aria-label=\"Mehr \u00fcber Grand Tour Catalunya Gravel Gelanceerd: 2.500 km Zelfgereden Gravelronde Door Cataloni\u00eb\" tabindex=\"-1\" >\n\t\t\tMehr lesen\t\t<\/a>\n\n\t\t\t\t<\/div>\n\t\t\t\t<\/article>\n\t\t\t\t<article class=\"elementor-post elementor-grid-item post-26420 post type-post status-publish format-standard has-post-thumbnail hentry category-spanje category-valencia category-verhalen tag-ciutat-de-les-arts-i-les-ciencies tag-do-you-bike-rental tag-duinen tag-fietsbestemming tag-fietsen tag-fietsverhuur tag-fietsvriendelijk tag-gravelbike tag-gravelpaden tag-hoogtemeters tag-lalbufera tag-metro tag-olympia-hotel tag-racefiets tag-rijstvelden tag-seizoensroute tag-sierra-calderona tag-strand tag-turia-park tag-valenbisi tag-valencia tag-winterroute tag-zoetwatermeer tag-zomerroute\" role=\"listitem\">\n\t\t\t\t<a class=\"elementor-post__thumbnail__link\" href=\"https:\/\/cyclingdestination.cc\/de\/verhalen\/spanje\/fietsbestemming-valencia-tips-routes-gids\" tabindex=\"-1\" >\n\t\t\t<div class=\"elementor-post__thumbnail\"><img loading=\"lazy\" decoding=\"async\" width=\"1920\" height=\"1280\" src=\"https:\/\/cyclingdestination.cc\/wp-content\/uploads\/2026\/04\/AdobeStock_474880695.jpeg\" class=\"attachment-full size-full wp-image-26445\" alt=\"\" srcset=\"https:\/\/cyclingdestination.cc\/wp-content\/uploads\/2026\/04\/AdobeStock_474880695.jpeg 1920w, https:\/\/cyclingdestination.cc\/wp-content\/uploads\/2026\/04\/AdobeStock_474880695-300x200.jpeg 300w, https:\/\/cyclingdestination.cc\/wp-content\/uploads\/2026\/04\/AdobeStock_474880695-1024x683.jpeg 1024w, https:\/\/cyclingdestination.cc\/wp-content\/uploads\/2026\/04\/AdobeStock_474880695-768x512.jpeg 768w, https:\/\/cyclingdestination.cc\/wp-content\/uploads\/2026\/04\/AdobeStock_474880695-1536x1024.jpeg 1536w, https:\/\/cyclingdestination.cc\/wp-content\/uploads\/2026\/04\/AdobeStock_474880695-18x12.jpeg 18w\" sizes=\"(max-width: 1920px) 100vw, 1920px\" \/><\/div>\n\t\t<\/a>\n\t\t\t\t<div class=\"elementor-post__text\">\n\t\t\t\t<h3 class=\"elementor-post__title\">\n\t\t\t<a href=\"https:\/\/cyclingdestination.cc\/de\/verhalen\/spanje\/fietsbestemming-valencia-tips-routes-gids\" >\n\t\t\t\tDie Region Valencia mit dem Fahrrad: Vielseitigkeit von einem Basislager\t\t\t<\/a>\n\t\t<\/h3>\n\t\t\n\t\t<a class=\"elementor-post__read-more\" href=\"https:\/\/cyclingdestination.cc\/de\/verhalen\/spanje\/fietsbestemming-valencia-tips-routes-gids\" aria-label=\"Mehr \u00fcber De regio Valencia op de fiets: veelzijdigheid vanuit \u00e9\u00e9n basecamp\" tabindex=\"-1\" >\n\t\t\tMehr lesen\t\t<\/a>\n\n\t\t\t\t<\/div>\n\t\t\t\t<\/article>\n\t\t\t\t<article class=\"elementor-post elementor-grid-item post-26413 post type-post status-publish format-standard has-post-thumbnail hentry category-gravel category-oostenrijk category-tirol category-verhalen tag-gravel tag-gravelroutes tag-gravelroutes-tirol tag-oostenrijk\" role=\"listitem\">\n\t\t\t\t<a class=\"elementor-post__thumbnail__link\" href=\"https:\/\/cyclingdestination.cc\/de\/gravel\/gravel-in-oostenrijk-tiroler-zugspitz-arena-biedt-opties\" tabindex=\"-1\" >\n\t\t\t<div class=\"elementor-post__thumbnail\"><img loading=\"lazy\" decoding=\"async\" width=\"1920\" height=\"1278\" src=\"https:\/\/cyclingdestination.cc\/wp-content\/uploads\/2026\/03\/Credits-TZA-Nikola_Radovic8.jpg\" class=\"attachment-full size-full wp-image-26414\" alt=\"\" srcset=\"https:\/\/cyclingdestination.cc\/wp-content\/uploads\/2026\/03\/Credits-TZA-Nikola_Radovic8.jpg 1920w, https:\/\/cyclingdestination.cc\/wp-content\/uploads\/2026\/03\/Credits-TZA-Nikola_Radovic8-300x200.jpg 300w, https:\/\/cyclingdestination.cc\/wp-content\/uploads\/2026\/03\/Credits-TZA-Nikola_Radovic8-1024x682.jpg 1024w, https:\/\/cyclingdestination.cc\/wp-content\/uploads\/2026\/03\/Credits-TZA-Nikola_Radovic8-768x511.jpg 768w, https:\/\/cyclingdestination.cc\/wp-content\/uploads\/2026\/03\/Credits-TZA-Nikola_Radovic8-1536x1022.jpg 1536w, https:\/\/cyclingdestination.cc\/wp-content\/uploads\/2026\/03\/Credits-TZA-Nikola_Radovic8-18x12.jpg 18w\" sizes=\"(max-width: 1920px) 100vw, 1920px\" \/><\/div>\n\t\t<\/a>\n\t\t\t\t<div class=\"elementor-post__text\">\n\t\t\t\t<h3 class=\"elementor-post__title\">\n\t\t\t<a href=\"https:\/\/cyclingdestination.cc\/de\/gravel\/gravel-in-oostenrijk-tiroler-zugspitz-arena-biedt-opties\" >\n\t\t\t\tSchotter in \u00d6sterreich: Tiroler Zugspitz Arena bietet M\u00f6glichkeiten\t\t\t<\/a>\n\t\t<\/h3>\n\t\t\n\t\t<a class=\"elementor-post__read-more\" href=\"https:\/\/cyclingdestination.cc\/de\/gravel\/gravel-in-oostenrijk-tiroler-zugspitz-arena-biedt-opties\" aria-label=\"Mehr \u00fcber Gravel in Oostenrijk: Tiroler Zugspitz Arena biedt opties\" tabindex=\"-1\" >\n\t\t\tMehr lesen\t\t<\/a>\n\n\t\t\t\t<\/div>\n\t\t\t\t<\/article>\n\t\t\t\t<article class=\"elementor-post elementor-grid-item post-26401 post type-post status-publish format-standard has-post-thumbnail hentry category-marche category-verhalen tag-marche tag-wielrennen\" role=\"listitem\">\n\t\t\t\t<a class=\"elementor-post__thumbnail__link\" href=\"https:\/\/cyclingdestination.cc\/de\/verhalen\/fietsroutes-marche-italie-tirreno-adriatico\" tabindex=\"-1\" >\n\t\t\t<div class=\"elementor-post__thumbnail\"><img loading=\"lazy\" decoding=\"async\" width=\"2560\" height=\"1707\" src=\"https:\/\/cyclingdestination.cc\/wp-content\/uploads\/2022\/12\/LE-VIE-DEL-BIKE-233-scaled.webp\" class=\"attachment-full size-full wp-image-9778\" alt=\"\" srcset=\"https:\/\/cyclingdestination.cc\/wp-content\/uploads\/2022\/12\/LE-VIE-DEL-BIKE-233-scaled.webp 2560w, https:\/\/cyclingdestination.cc\/wp-content\/uploads\/2022\/12\/LE-VIE-DEL-BIKE-233-scaled-300x200.webp 300w, https:\/\/cyclingdestination.cc\/wp-content\/uploads\/2022\/12\/LE-VIE-DEL-BIKE-233-scaled-1024x683.webp 1024w, https:\/\/cyclingdestination.cc\/wp-content\/uploads\/2022\/12\/LE-VIE-DEL-BIKE-233-scaled-768x512.webp 768w, https:\/\/cyclingdestination.cc\/wp-content\/uploads\/2022\/12\/LE-VIE-DEL-BIKE-233-scaled-1536x1024.webp 1536w, https:\/\/cyclingdestination.cc\/wp-content\/uploads\/2022\/12\/LE-VIE-DEL-BIKE-233-scaled-2048x1366.webp 2048w\" sizes=\"(max-width: 2560px) 100vw, 2560px\" \/><\/div>\n\t\t<\/a>\n\t\t\t\t<div class=\"elementor-post__text\">\n\t\t\t\t<h3 class=\"elementor-post__title\">\n\t\t\t<a href=\"https:\/\/cyclingdestination.cc\/de\/verhalen\/fietsroutes-marche-italie-tirreno-adriatico\" >\n\t\t\t\tMarche stellt Tirreno-Adriatico als Visitenkarte f\u00fcr den Radtourismus mit vier Routen vor\t\t\t<\/a>\n\t\t<\/h3>\n\t\t\n\t\t<a class=\"elementor-post__read-more\" href=\"https:\/\/cyclingdestination.cc\/de\/verhalen\/fietsroutes-marche-italie-tirreno-adriatico\" aria-label=\"Mehr \u00fcber Marche Zet Tirreno\u2013Adriatico In Als Etalage Voor Fietstoerisme, Met Vier Routes Als Visitekaartje\" tabindex=\"-1\" >\n\t\t\tMehr lesen\t\t<\/a>\n\n\t\t\t\t<\/div>\n\t\t\t\t<\/article>\n\t\t\t\t<article class=\"elementor-post elementor-grid-item post-26375 post type-post status-publish format-standard has-post-thumbnail hentry category-gravel category-kroatie tag-fietsweekend tag-gravelen tag-gravelevent tag-gravelroutes tag-istrie tag-kroatie tag-kroatie-2 tag-kroatie-gravel tag-middeleeuwse-dorpen tag-nova-eroica tag-nova-eroica-istria tag-truffels tag-truffle-tour tag-vintage-fietsen tag-witte-wegen\" role=\"listitem\">\n\t\t\t\t<a class=\"elementor-post__thumbnail__link\" href=\"https:\/\/cyclingdestination.cc\/de\/gravel\/nova-eroica-istria-gravel-event-kalender-2026\" tabindex=\"-1\" >\n\t\t\t<div class=\"elementor-post__thumbnail\"><img loading=\"lazy\" decoding=\"async\" width=\"1920\" height=\"1280\" src=\"https:\/\/cyclingdestination.cc\/wp-content\/uploads\/2026\/03\/NovaEroicaIstrie_202_3.jpg\" class=\"attachment-full size-full wp-image-26408\" alt=\"\" srcset=\"https:\/\/cyclingdestination.cc\/wp-content\/uploads\/2026\/03\/NovaEroicaIstrie_202_3.jpg 1920w, https:\/\/cyclingdestination.cc\/wp-content\/uploads\/2026\/03\/NovaEroicaIstrie_202_3-300x200.jpg 300w, https:\/\/cyclingdestination.cc\/wp-content\/uploads\/2026\/03\/NovaEroicaIstrie_202_3-1024x683.jpg 1024w, https:\/\/cyclingdestination.cc\/wp-content\/uploads\/2026\/03\/NovaEroicaIstrie_202_3-768x512.jpg 768w, https:\/\/cyclingdestination.cc\/wp-content\/uploads\/2026\/03\/NovaEroicaIstrie_202_3-1536x1024.jpg 1536w, https:\/\/cyclingdestination.cc\/wp-content\/uploads\/2026\/03\/NovaEroicaIstrie_202_3-18x12.jpg 18w\" sizes=\"(max-width: 1920px) 100vw, 1920px\" \/><\/div>\n\t\t<\/a>\n\t\t\t\t<div class=\"elementor-post__text\">\n\t\t\t\t<h3 class=\"elementor-post__title\">\n\t\t\t<a href=\"https:\/\/cyclingdestination.cc\/de\/gravel\/nova-eroica-istria-gravel-event-kalender-2026\" >\n\t\t\t\tNOVA Eroica Istria kehrt im Mai 2026 zur\u00fcck, und auch der Rest des Kalenders sieht nicht schlecht aus\t\t\t<\/a>\n\t\t<\/h3>\n\t\t\n\t\t<a class=\"elementor-post__read-more\" href=\"https:\/\/cyclingdestination.cc\/de\/gravel\/nova-eroica-istria-gravel-event-kalender-2026\" aria-label=\"Mehr \u00fcber NOVA Eroica Istria Keert Terug in Mei 2026, en de Rest van de Kalender Ziet Er Ook Niet Verkeerd Uit\" tabindex=\"-1\" >\n\t\t\tMehr lesen\t\t<\/a>\n\n\t\t\t\t<\/div>\n\t\t\t\t<\/article>\n\t\t\t\t<article class=\"elementor-post elementor-grid-item post-26403 post type-post status-publish format-standard has-post-thumbnail hentry category-denemarken category-verhalen tag-bike-island-fyn tag-copenhagen-sprint tag-danish-wheelness tag-denemarken tag-fietsen tag-fietsroutes tag-ice-age-route tag-kasteelroute tag-smorrebrod tag-unesco\" role=\"listitem\">\n\t\t\t\t<a class=\"elementor-post__thumbnail__link\" href=\"https:\/\/cyclingdestination.cc\/de\/verhalen\/denemarken\/fietsen-denemarken-wheelness-mooiste-routes-gids-2026\" tabindex=\"-1\" >\n\t\t\t<div class=\"elementor-post__thumbnail\"><img loading=\"lazy\" decoding=\"async\" width=\"2560\" height=\"1706\" src=\"https:\/\/cyclingdestination.cc\/wp-content\/uploads\/2022\/05\/A7R4700-scaled.jpg\" class=\"attachment-full size-full wp-image-6517\" alt=\"\" srcset=\"https:\/\/cyclingdestination.cc\/wp-content\/uploads\/2022\/05\/A7R4700-scaled.jpg 2560w, https:\/\/cyclingdestination.cc\/wp-content\/uploads\/2022\/05\/A7R4700-300x200.jpg 300w, https:\/\/cyclingdestination.cc\/wp-content\/uploads\/2022\/05\/A7R4700-1024x683.jpg 1024w, https:\/\/cyclingdestination.cc\/wp-content\/uploads\/2022\/05\/A7R4700-768x512.jpg 768w, https:\/\/cyclingdestination.cc\/wp-content\/uploads\/2022\/05\/A7R4700-1536x1024.jpg 1536w, https:\/\/cyclingdestination.cc\/wp-content\/uploads\/2022\/05\/A7R4700-2048x1365.jpg 2048w\" sizes=\"(max-width: 2560px) 100vw, 2560px\" \/><\/div>\n\t\t<\/a>\n\t\t\t\t<div class=\"elementor-post__text\">\n\t\t\t\t<h3 class=\"elementor-post__title\">\n\t\t\t<a href=\"https:\/\/cyclingdestination.cc\/de\/verhalen\/denemarken\/fietsen-denemarken-wheelness-mooiste-routes-gids-2026\" >\n\t\t\t\tDanish Wheelness: Sechs Kilometer pro Tag sind nur der Anfang\t\t\t<\/a>\n\t\t<\/h3>\n\t\t\n\t\t<a class=\"elementor-post__read-more\" href=\"https:\/\/cyclingdestination.cc\/de\/verhalen\/denemarken\/fietsen-denemarken-wheelness-mooiste-routes-gids-2026\" aria-label=\"Mehr \u00fcber Danish Wheelness: Zes Kilometer Per Dag Is Pas Het Begin\" tabindex=\"-1\" >\n\t\t\tMehr lesen\t\t<\/a>\n\n\t\t\t\t<\/div>\n\t\t\t\t<\/article>\n\t\t\t\t<\/div>\n\t\t\n\t\t\t\t<div class=\"e-load-more-anchor\" data-page=\"1\" data-max-page=\"63\" data-next-page=\"https:\/\/cyclingdestination.cc\/de\/?e-page-a5099b7=2\"><\/div>\n\t\t\t\t<nav class=\"elementor-pagination\" aria-label=\"Seitennummerierung\">\n\t\t\t<span class=\"page-numbers prev\">\" Vorherige<\/span>\n<span aria-current=\"page\" class=\"page-numbers current\"><span class=\"elementor-screen-only\">Seite<\/span>1<\/span>\n<a class=\"page-numbers\" href=\"https:\/\/cyclingdestination.cc\/de\/wp-json\/wp\/v2\/pages\/15430\/?e-page-a5099b7=2\"><span class=\"elementor-screen-only\">Seite<\/span>2<\/a>\n<a class=\"page-numbers\" href=\"https:\/\/cyclingdestination.cc\/de\/wp-json\/wp\/v2\/pages\/15430\/?e-page-a5099b7=3\"><span class=\"elementor-screen-only\">Seite<\/span>3<\/a>\n<span class=\"page-numbers dots\">...<\/span>\n<a class=\"page-numbers\" href=\"https:\/\/cyclingdestination.cc\/de\/wp-json\/wp\/v2\/pages\/15430\/?e-page-a5099b7=63\"><span class=\"elementor-screen-only\">Seite<\/span>63<\/a>\n<a class=\"page-numbers next\" href=\"https:\/\/cyclingdestination.cc\/de\/?e-page-a5099b7=2\">N\u00e4chste \"<\/a>\t\t<\/nav>\n\t\t\t\t\t\t<\/div>\n\t\t\t\t<\/div>\n\t\t\t\t\t<\/div>\n\t\t\t\t<\/div>\n\t\t\t\t<\/div>","protected":false},"excerpt":{"rendered":"<p>Geschichten Auf CyclingDestination m\u00f6chten wir Sie mit Geschichten \u00fcber das Radfahren, Radreiseziele und mehr inspirieren. In diesen Geschichten nehmen unsere Entdecker Sie mit auf eine Reise. Die Artikel<\/p>","protected":false},"author":1,"featured_media":0,"parent":0,"menu_order":0,"comment_status":"closed","ping_status":"closed","template":"elementor_header_footer","meta":{"_acf_changed":false,"iawp_total_views":4112,"footnotes":""},"categories":[],"tags":[],"class_list":["post-15430","page","type-page","status-publish","hentry"],"acf":[],"featured_image_url":[],"post_author":"Sander","assigned_categories":"","yoast_head":"<!-- This site is optimized with the Yoast SEO plugin v27.5 - https:\/\/yoast.com\/product\/yoast-seo-wordpress\/ -->\n<title>Verhalen - Cycling Destination<\/title>\n<meta name=\"robots\" content=\"index, follow, max-snippet:-1, max-image-preview:large, max-video-preview:-1\" \/>\n<link rel=\"canonical\" href=\"https:\/\/cyclingdestination.cc\/de\/verhalen-1\/\" \/>\n<meta property=\"og:locale\" content=\"de_DE\" \/>\n<meta property=\"og:type\" content=\"article\" \/>\n<meta property=\"og:title\" content=\"Verhalen - Cycling Destination\" \/>\n<meta property=\"og:description\" content=\"Verhalen Bij CyclingDestination willen we jou inspireren met verhalen over fietsen, fietsbestemmingen en meer. In deze verhalen nemen\u00a0 onze explorers jou mee op reis.\u00a0De artikelen\" \/>\n<meta property=\"og:url\" content=\"https:\/\/cyclingdestination.cc\/de\/verhalen-1\/\" \/>\n<meta property=\"og:site_name\" content=\"Cycling Destination\" \/>\n<meta property=\"article:publisher\" content=\"https:\/\/www.facebook.com\/cyclingdestination.cc\" \/>\n<meta property=\"article:modified_time\" content=\"2025-11-10T13:52:11+00:00\" \/>\n<meta property=\"og:image\" content=\"https:\/\/cyclingdestination.cc\/wp-content\/uploads\/2022\/10\/ruben_12102022_cycling_destination_etxeondo_32-scaled.jpg\" \/>\n\t<meta property=\"og:image:width\" content=\"2048\" \/>\n\t<meta property=\"og:image:height\" content=\"2560\" \/>\n\t<meta property=\"og:image:type\" content=\"image\/jpeg\" \/>\n<meta name=\"twitter:card\" content=\"summary_large_image\" \/>\n<meta name=\"twitter:site\" content=\"@cyclingdestin\" \/>\n<meta name=\"twitter:label1\" content=\"Gesch\u00e4tzte Lesezeit\" \/>\n\t<meta name=\"twitter:data1\" content=\"3\u00a0Minuten\" \/>\n<script type=\"application\/ld+json\" class=\"yoast-schema-graph\">{\"@context\":\"https:\\\/\\\/schema.org\",\"@graph\":[{\"@type\":\"WebPage\",\"@id\":\"https:\\\/\\\/cyclingdestination.cc\\\/verhalen-1\",\"url\":\"https:\\\/\\\/cyclingdestination.cc\\\/verhalen-1\",\"name\":\"Verhalen - Cycling Destination\",\"isPartOf\":{\"@id\":\"https:\\\/\\\/cyclingdestination.cc\\\/#website\"},\"datePublished\":\"2024-02-12T04:48:17+00:00\",\"dateModified\":\"2025-11-10T13:52:11+00:00\",\"breadcrumb\":{\"@id\":\"https:\\\/\\\/cyclingdestination.cc\\\/verhalen-1#breadcrumb\"},\"inLanguage\":\"de\",\"potentialAction\":[{\"@type\":\"ReadAction\",\"target\":[\"https:\\\/\\\/cyclingdestination.cc\\\/verhalen-1\"]}]},{\"@type\":\"BreadcrumbList\",\"@id\":\"https:\\\/\\\/cyclingdestination.cc\\\/verhalen-1#breadcrumb\",\"itemListElement\":[{\"@type\":\"ListItem\",\"position\":1,\"name\":\"Home\",\"item\":\"https:\\\/\\\/cyclingdestination.cc\\\/\"},{\"@type\":\"ListItem\",\"position\":2,\"name\":\"Verhalen\"}]},{\"@type\":\"WebSite\",\"@id\":\"https:\\\/\\\/cyclingdestination.cc\\\/#website\",\"url\":\"https:\\\/\\\/cyclingdestination.cc\\\/\",\"name\":\"Cycling Destination\",\"description\":\"Inspiratie voor jouw volgende fietsavontuur\",\"publisher\":{\"@id\":\"https:\\\/\\\/cyclingdestination.cc\\\/#organization\"},\"potentialAction\":[{\"@type\":\"SearchAction\",\"target\":{\"@type\":\"EntryPoint\",\"urlTemplate\":\"https:\\\/\\\/cyclingdestination.cc\\\/?s={search_term_string}\"},\"query-input\":{\"@type\":\"PropertyValueSpecification\",\"valueRequired\":true,\"valueName\":\"search_term_string\"}}],\"inLanguage\":\"de\"},{\"@type\":\"Organization\",\"@id\":\"https:\\\/\\\/cyclingdestination.cc\\\/#organization\",\"name\":\"Cycling Destination\",\"url\":\"https:\\\/\\\/cyclingdestination.cc\\\/\",\"logo\":{\"@type\":\"ImageObject\",\"inLanguage\":\"de\",\"@id\":\"https:\\\/\\\/cyclingdestination.cc\\\/#\\\/schema\\\/logo\\\/image\\\/\",\"url\":\"https:\\\/\\\/cyclingdestination.cc\\\/wp-content\\\/uploads\\\/2022\\\/01\\\/cyclingdestination_logo_RGB_zwart_vDEF-1.png\",\"contentUrl\":\"https:\\\/\\\/cyclingdestination.cc\\\/wp-content\\\/uploads\\\/2022\\\/01\\\/cyclingdestination_logo_RGB_zwart_vDEF-1.png\",\"width\":2550,\"height\":814,\"caption\":\"Cycling Destination\"},\"image\":{\"@id\":\"https:\\\/\\\/cyclingdestination.cc\\\/#\\\/schema\\\/logo\\\/image\\\/\"},\"sameAs\":[\"https:\\\/\\\/www.facebook.com\\\/cyclingdestination.cc\",\"https:\\\/\\\/x.com\\\/cyclingdestin\",\"https:\\\/\\\/www.instagram.com\\\/cyclingdestination.cc\\\/\"]}]}<\/script>\n<!-- \/ Yoast SEO plugin. -->","yoast_head_json":{"title":"Geschichten - Reiseziel Radfahren","robots":{"index":"index","follow":"follow","max-snippet":"max-snippet:-1","max-image-preview":"max-image-preview:large","max-video-preview":"max-video-preview:-1"},"canonical":"https:\/\/cyclingdestination.cc\/de\/verhalen-1\/","og_locale":"de_DE","og_type":"article","og_title":"Verhalen - Cycling Destination","og_description":"Verhalen Bij CyclingDestination willen we jou inspireren met verhalen over fietsen, fietsbestemmingen en meer. In deze verhalen nemen\u00a0 onze explorers jou mee op reis.\u00a0De artikelen","og_url":"https:\/\/cyclingdestination.cc\/de\/verhalen-1\/","og_site_name":"Cycling Destination","article_publisher":"https:\/\/www.facebook.com\/cyclingdestination.cc","article_modified_time":"2025-11-10T13:52:11+00:00","og_image":[{"width":2048,"height":2560,"url":"https:\/\/cyclingdestination.cc\/wp-content\/uploads\/2022\/10\/ruben_12102022_cycling_destination_etxeondo_32-scaled.jpg","type":"image\/jpeg"}],"twitter_card":"summary_large_image","twitter_site":"@cyclingdestin","twitter_misc":{"Gesch\u00e4tzte Lesezeit":"3\u00a0Minuten"},"schema":{"@context":"https:\/\/schema.org","@graph":[{"@type":"WebPage","@id":"https:\/\/cyclingdestination.cc\/verhalen-1","url":"https:\/\/cyclingdestination.cc\/verhalen-1","name":"Geschichten - Reiseziel Radfahren","isPartOf":{"@id":"https:\/\/cyclingdestination.cc\/#website"},"datePublished":"2024-02-12T04:48:17+00:00","dateModified":"2025-11-10T13:52:11+00:00","breadcrumb":{"@id":"https:\/\/cyclingdestination.cc\/verhalen-1#breadcrumb"},"inLanguage":"de","potentialAction":[{"@type":"ReadAction","target":["https:\/\/cyclingdestination.cc\/verhalen-1"]}]},{"@type":"BreadcrumbList","@id":"https:\/\/cyclingdestination.cc\/verhalen-1#breadcrumb","itemListElement":[{"@type":"ListItem","position":1,"name":"Home","item":"https:\/\/cyclingdestination.cc\/"},{"@type":"ListItem","position":2,"name":"Verhalen"}]},{"@type":"WebSite","@id":"https:\/\/cyclingdestination.cc\/#website","url":"https:\/\/cyclingdestination.cc\/","name":"Ziel Radfahren","description":"Inspiration f\u00fcr Ihr n\u00e4chstes Fahrradabenteuer","publisher":{"@id":"https:\/\/cyclingdestination.cc\/#organization"},"potentialAction":[{"@type":"SearchAction","target":{"@type":"EntryPoint","urlTemplate":"https:\/\/cyclingdestination.cc\/?s={search_term_string}"},"query-input":{"@type":"PropertyValueSpecification","valueRequired":true,"valueName":"search_term_string"}}],"inLanguage":"de"},{"@type":"Organization","@id":"https:\/\/cyclingdestination.cc\/#organization","name":"Ziel Radfahren","url":"https:\/\/cyclingdestination.cc\/","logo":{"@type":"ImageObject","inLanguage":"de","@id":"https:\/\/cyclingdestination.cc\/#\/schema\/logo\/image\/","url":"https:\/\/cyclingdestination.cc\/wp-content\/uploads\/2022\/01\/cyclingdestination_logo_RGB_zwart_vDEF-1.png","contentUrl":"https:\/\/cyclingdestination.cc\/wp-content\/uploads\/2022\/01\/cyclingdestination_logo_RGB_zwart_vDEF-1.png","width":2550,"height":814,"caption":"Cycling Destination"},"image":{"@id":"https:\/\/cyclingdestination.cc\/#\/schema\/logo\/image\/"},"sameAs":["https:\/\/www.facebook.com\/cyclingdestination.cc","https:\/\/x.com\/cyclingdestin","https:\/\/www.instagram.com\/cyclingdestination.cc\/"]}]}},"_links":{"self":[{"href":"https:\/\/cyclingdestination.cc\/de\/wp-json\/wp\/v2\/pages\/15430","targetHints":{"allow":["GET"]}}],"collection":[{"href":"https:\/\/cyclingdestination.cc\/de\/wp-json\/wp\/v2\/pages"}],"about":[{"href":"https:\/\/cyclingdestination.cc\/de\/wp-json\/wp\/v2\/types\/page"}],"author":[{"embeddable":true,"href":"https:\/\/cyclingdestination.cc\/de\/wp-json\/wp\/v2\/users\/1"}],"replies":[{"embeddable":true,"href":"https:\/\/cyclingdestination.cc\/de\/wp-json\/wp\/v2\/comments?post=15430"}],"version-history":[{"count":3,"href":"https:\/\/cyclingdestination.cc\/de\/wp-json\/wp\/v2\/pages\/15430\/revisions"}],"predecessor-version":[{"id":24947,"href":"https:\/\/cyclingdestination.cc\/de\/wp-json\/wp\/v2\/pages\/15430\/revisions\/24947"}],"wp:attachment":[{"href":"https:\/\/cyclingdestination.cc\/de\/wp-json\/wp\/v2\/media?parent=15430"}],"wp:term":[{"taxonomy":"category","embeddable":true,"href":"https:\/\/cyclingdestination.cc\/de\/wp-json\/wp\/v2\/categories?post=15430"},{"taxonomy":"post_tag","embeddable":true,"href":"https:\/\/cyclingdestination.cc\/de\/wp-json\/wp\/v2\/tags?post=15430"}],"curies":[{"name":"wp","href":"https:\/\/api.w.org\/{rel}","templated":true}]}}