{"id":24929,"date":"2025-11-10T15:57:22","date_gmt":"2025-11-10T14:57:22","guid":{"rendered":"https:\/\/cyclingdestination.cc\/?page_id=24929"},"modified":"2026-04-18T14:16:54","modified_gmt":"2026-04-18T12:16:54","slug":"gpx-database","status":"publish","type":"page","link":"https:\/\/cyclingdestination.cc\/de\/gpx-database","title":{"rendered":"GPX-Datenbank"},"content":{"rendered":"<div data-elementor-type=\"wp-page\" data-elementor-id=\"24929\" class=\"elementor elementor-24929\" data-elementor-post-type=\"page\">\n\t\t\t\t<div class=\"elementor-element elementor-element-211af25 e-flex e-con-boxed e-con e-parent\" data-id=\"211af25\" data-element_type=\"container\" data-e-type=\"container\">\n\t\t\t\t\t<div class=\"e-con-inner\">\n\t\t\t\t<div class=\"elementor-element elementor-element-1505290 elementor-widget elementor-widget-heading\" data-id=\"1505290\" data-element_type=\"widget\" data-e-type=\"widget\" data-widget_type=\"heading.default\">\n\t\t\t\t<div class=\"elementor-widget-container\">\n\t\t\t\t\t<h2 class=\"elementor-heading-title elementor-size-default\">Dies ist die GPX-Download-Seite - hier finden Sie die GPXs zu den Rollen auf Insta<\/h2>\t\t\t\t<\/div>\n\t\t\t\t<\/div>\n\t\t\t\t\t<\/div>\n\t\t\t\t<\/div>\n\t\t<div class=\"elementor-element elementor-element-333b960 e-flex e-con-boxed e-con e-parent\" data-id=\"333b960\" data-element_type=\"container\" data-e-type=\"container\">\n\t\t\t\t\t<div class=\"e-con-inner\">\n\t\t\t\t<div class=\"elementor-element elementor-element-b8a5659 elementor-widget elementor-widget-text-editor\" data-id=\"b8a5659\" data-element_type=\"widget\" data-e-type=\"widget\" data-widget_type=\"text-editor.default\">\n\t\t\t\t<div class=\"elementor-widget-container\">\n\t\t\t\t\t\t\t\t\t<p>Wenn Sie eine Route noch einmal sehen m\u00f6chten oder eine Route zu unserer Datenbank hinzuf\u00fcgen m\u00f6chten, senden Sie uns bitte eine\u00a0<a href=\"mailto:info@cyclingdestination.cc\" target=\"_blank\" rel=\"noopener\">Nachricht<\/a>!<\/p><p>Diese Reihe von Routen befindet sich noch in der Entwicklung. Wir werden auch eine Rangliste nach Land\/Region erstellen, aber im Moment ist sie einfach.\u00a0<\/p><p>Alle Tipps\/Kommentare\/Bemerkungen\/Verbesserungen werden wir annehmen!<\/p>\t\t\t\t\t\t\t\t<\/div>\n\t\t\t\t<\/div>\n\t\t\t\t\t<\/div>\n\t\t\t\t<\/div>\n\t\t<div class=\"elementor-element elementor-element-6bc8bf5 e-flex e-con-boxed e-con e-parent\" data-id=\"6bc8bf5\" data-element_type=\"container\" data-e-type=\"container\">\n\t\t\t\t\t<div class=\"e-con-inner\">\n\t\t\t\t<div class=\"elementor-element elementor-element-43947f1 elementor-widget elementor-widget-heading\" data-id=\"43947f1\" data-element_type=\"widget\" data-e-type=\"widget\" data-widget_type=\"heading.default\">\n\t\t\t\t<div class=\"elementor-widget-container\">\n\t\t\t\t\t<h2 class=\"elementor-heading-title elementor-size-default\">Rennradstrecken\n<\/h2>\t\t\t\t<\/div>\n\t\t\t\t<\/div>\n\t\t\t\t<div class=\"elementor-element elementor-element-361eb70 elementor-align-center elementor-widget elementor-widget-button\" data-id=\"361eb70\" data-element_type=\"widget\" data-e-type=\"widget\" data-widget_type=\"button.default\">\n\t\t\t\t<div class=\"elementor-widget-container\">\n\t\t\t\t\t\t\t\t\t<div class=\"elementor-button-wrapper\">\n\t\t\t\t\t<a class=\"elementor-button elementor-button-link elementor-size-sm\" href=\"https:\/\/cyclingdestination.cc\/de\/roskilde-rosnaes\" target=\"_blank\">\n\t\t\t\t\t\t<span class=\"elementor-button-content-wrapper\">\n\t\t\t\t\t\t\t\t\t<span class=\"elementor-button-text\">Roskilde - Rosn\u00e6s<\/span>\n\t\t\t\t\t<\/span>\n\t\t\t\t\t<\/a>\n\t\t\t\t<\/div>\n\t\t\t\t\t\t\t\t<\/div>\n\t\t\t\t<\/div>\n\t\t\t\t<div class=\"elementor-element elementor-element-100e418 elementor-align-center elementor-widget elementor-widget-button\" data-id=\"100e418\" data-element_type=\"widget\" data-e-type=\"widget\" data-widget_type=\"button.default\">\n\t\t\t\t<div class=\"elementor-widget-container\">\n\t\t\t\t\t\t\t\t\t<div class=\"elementor-button-wrapper\">\n\t\t\t\t\t<a class=\"elementor-button elementor-button-link elementor-size-sm\" href=\"https:\/\/cyclingdestination.cc\/de\/rainbow-cycle-path-56km-road-cycling-route\" target=\"_blank\">\n\t\t\t\t\t\t<span class=\"elementor-button-content-wrapper\">\n\t\t\t\t\t\t\t\t\t<span class=\"elementor-button-text\">Regenbogen-Radweg - 56km<\/span>\n\t\t\t\t\t<\/span>\n\t\t\t\t\t<\/a>\n\t\t\t\t<\/div>\n\t\t\t\t\t\t\t\t<\/div>\n\t\t\t\t<\/div>\n\t\t\t\t<div class=\"elementor-element elementor-element-2c83b38 elementor-align-center elementor-widget elementor-widget-button\" data-id=\"2c83b38\" data-element_type=\"widget\" data-e-type=\"widget\" data-widget_type=\"button.default\">\n\t\t\t\t<div class=\"elementor-widget-container\">\n\t\t\t\t\t\t\t\t\t<div class=\"elementor-button-wrapper\">\n\t\t\t\t\t<a class=\"elementor-button elementor-button-link elementor-size-sm\" href=\"https:\/\/cyclingdestination.cc\/de\/colduvam-vanuit-de-wijk\" target=\"_blank\">\n\t\t\t\t\t\t<span class=\"elementor-button-content-wrapper\">\n\t\t\t\t\t\t\t\t\t<span class=\"elementor-button-text\">Col du Vam - De Wijk<\/span>\n\t\t\t\t\t<\/span>\n\t\t\t\t\t<\/a>\n\t\t\t\t<\/div>\n\t\t\t\t\t\t\t\t<\/div>\n\t\t\t\t<\/div>\n\t\t\t\t<div class=\"elementor-element elementor-element-cb3f749 elementor-align-center elementor-widget elementor-widget-button\" data-id=\"cb3f749\" data-element_type=\"widget\" data-e-type=\"widget\" data-widget_type=\"button.default\">\n\t\t\t\t<div class=\"elementor-widget-container\">\n\t\t\t\t\t\t\t\t\t<div class=\"elementor-button-wrapper\">\n\t\t\t\t\t<a class=\"elementor-button elementor-button-link elementor-size-sm\" href=\"https:\/\/cyclingdestination.cc\/de\/geneve-saleve-croisette\" target=\"_blank\">\n\t\t\t\t\t\t<span class=\"elementor-button-content-wrapper\">\n\t\t\t\t\t\t\t\t\t<span class=\"elementor-button-text\">Genf-Saleve-Croisette<\/span>\n\t\t\t\t\t<\/span>\n\t\t\t\t\t<\/a>\n\t\t\t\t<\/div>\n\t\t\t\t\t\t\t\t<\/div>\n\t\t\t\t<\/div>\n\t\t\t\t<div class=\"elementor-element elementor-element-d693634 elementor-align-center elementor-widget elementor-widget-button\" data-id=\"d693634\" data-element_type=\"widget\" data-e-type=\"widget\" data-widget_type=\"button.default\">\n\t\t\t\t<div class=\"elementor-widget-container\">\n\t\t\t\t\t\t\t\t\t<div class=\"elementor-button-wrapper\">\n\t\t\t\t\t<a class=\"elementor-button elementor-button-link elementor-size-sm\" href=\"https:\/\/cyclingdestination.cc\/de\/in-flanders-fields\" target=\"_blank\">\n\t\t\t\t\t\t<span class=\"elementor-button-content-wrapper\">\n\t\t\t\t\t\t\t\t\t<span class=\"elementor-button-text\">In Flanders Fields Route - 85km - Rennrad<\/span>\n\t\t\t\t\t<\/span>\n\t\t\t\t\t<\/a>\n\t\t\t\t<\/div>\n\t\t\t\t\t\t\t\t<\/div>\n\t\t\t\t<\/div>\n\t\t\t\t<div class=\"elementor-element elementor-element-2d7f0ee elementor-align-center elementor-widget elementor-widget-button\" data-id=\"2d7f0ee\" data-element_type=\"widget\" data-e-type=\"widget\" data-widget_type=\"button.default\">\n\t\t\t\t<div class=\"elementor-widget-container\">\n\t\t\t\t\t\t\t\t\t<div class=\"elementor-button-wrapper\">\n\t\t\t\t\t<a class=\"elementor-button elementor-button-link elementor-size-sm\" href=\"https:\/\/cyclingdestination.cc\/de\/2025-11-09_2673222726_favo-rondje-utrecht\" target=\"_blank\">\n\t\t\t\t\t\t<span class=\"elementor-button-content-wrapper\">\n\t\t\t\t\t\t\t\t\t<span class=\"elementor-button-text\">Rennradstrecke - Utrecht Favo Schleife 40km<\/span>\n\t\t\t\t\t<\/span>\n\t\t\t\t\t<\/a>\n\t\t\t\t<\/div>\n\t\t\t\t\t\t\t\t<\/div>\n\t\t\t\t<\/div>\n\t\t\t\t<div class=\"elementor-element elementor-element-7041c5f elementor-align-center elementor-widget elementor-widget-button\" data-id=\"7041c5f\" data-element_type=\"widget\" data-e-type=\"widget\" data-widget_type=\"button.default\">\n\t\t\t\t<div class=\"elementor-widget-container\">\n\t\t\t\t\t\t\t\t\t<div class=\"elementor-button-wrapper\">\n\t\t\t\t\t<a class=\"elementor-button elementor-button-link elementor-size-sm\" href=\"https:\/\/cyclingdestination.cc\/de\/sundayrideheuvelrug\" target=\"_blank\">\n\t\t\t\t\t\t<span class=\"elementor-button-content-wrapper\">\n\t\t\t\t\t\t\t\t\t<span class=\"elementor-button-text\">Rennradstrecke - Sonntagsausflug - Hill Ridge<\/span>\n\t\t\t\t\t<\/span>\n\t\t\t\t\t<\/a>\n\t\t\t\t<\/div>\n\t\t\t\t\t\t\t\t<\/div>\n\t\t\t\t<\/div>\n\t\t\t\t<div class=\"elementor-element elementor-element-706b1ea elementor-align-center elementor-widget elementor-widget-button\" data-id=\"706b1ea\" data-element_type=\"widget\" data-e-type=\"widget\" data-widget_type=\"button.default\">\n\t\t\t\t<div class=\"elementor-widget-container\">\n\t\t\t\t\t\t\t\t\t<div class=\"elementor-button-wrapper\">\n\t\t\t\t\t<a class=\"elementor-button elementor-button-link elementor-size-sm\" href=\"https:\/\/cyclingdestination.cc\/de\/amersfoort-highlights\" target=\"_blank\">\n\t\t\t\t\t\t<span class=\"elementor-button-content-wrapper\">\n\t\t\t\t\t\t\t\t\t<span class=\"elementor-button-text\">Heritage Tour - Amersfoort Highlights<\/span>\n\t\t\t\t\t<\/span>\n\t\t\t\t\t<\/a>\n\t\t\t\t<\/div>\n\t\t\t\t\t\t\t\t<\/div>\n\t\t\t\t<\/div>\n\t\t\t\t<div class=\"elementor-element elementor-element-3996421 elementor-align-center elementor-widget elementor-widget-button\" data-id=\"3996421\" data-element_type=\"widget\" data-e-type=\"widget\" data-widget_type=\"button.default\">\n\t\t\t\t<div class=\"elementor-widget-container\">\n\t\t\t\t\t\t\t\t\t<div class=\"elementor-button-wrapper\">\n\t\t\t\t\t<a class=\"elementor-button elementor-button-link elementor-size-sm\" href=\"https:\/\/cyclingdestination.cc\/de\/vecht-loosdrecht-lage-vuursche-utrecht\" target=\"_blank\">\n\t\t\t\t\t\t<span class=\"elementor-button-content-wrapper\">\n\t\t\t\t\t\t\t\t\t<span class=\"elementor-button-text\">Loosdrecht - Lage Vuursche<\/span>\n\t\t\t\t\t<\/span>\n\t\t\t\t\t<\/a>\n\t\t\t\t<\/div>\n\t\t\t\t\t\t\t\t<\/div>\n\t\t\t\t<\/div>\n\t\t\t\t<div class=\"elementor-element elementor-element-431fe72 elementor-widget elementor-widget-heading\" data-id=\"431fe72\" data-element_type=\"widget\" data-e-type=\"widget\" data-widget_type=\"heading.default\">\n\t\t\t\t<div class=\"elementor-widget-container\">\n\t\t\t\t\t<h2 class=\"elementor-heading-title elementor-size-default\">Gravel<\/h2>\t\t\t\t<\/div>\n\t\t\t\t<\/div>\n\t\t\t\t<div class=\"elementor-element elementor-element-5dbc2b4 elementor-widget elementor-widget-menu-anchor\" data-id=\"5dbc2b4\" data-element_type=\"widget\" data-e-type=\"widget\" data-widget_type=\"menu-anchor.default\">\n\t\t\t\t<div class=\"elementor-widget-container\">\n\t\t\t\t\t\t\t<div class=\"elementor-menu-anchor\" id=\"gravel\"><\/div>\n\t\t\t\t\t\t<\/div>\n\t\t\t\t<\/div>\n\t\t\t\t<div class=\"elementor-element elementor-element-7fbfc36 elementor-align-center elementor-widget elementor-widget-button\" data-id=\"7fbfc36\" data-element_type=\"widget\" data-e-type=\"widget\" data-widget_type=\"button.default\">\n\t\t\t\t<div class=\"elementor-widget-container\">\n\t\t\t\t\t\t\t\t\t<div class=\"elementor-button-wrapper\">\n\t\t\t\t\t<a class=\"elementor-button elementor-button-link elementor-size-sm\" href=\"https:\/\/cyclingdestination.cc\/de\/landal-de-weelderik-outdoor-achterhoek-gravelrides-cc-partly\" target=\"_blank\">\n\t\t\t\t\t\t<span class=\"elementor-button-content-wrapper\">\n\t\t\t\t\t\t\t\t\t<span class=\"elementor-button-text\">Achterhoek 100k Landal Weelderik<\/span>\n\t\t\t\t\t<\/span>\n\t\t\t\t\t<\/a>\n\t\t\t\t<\/div>\n\t\t\t\t\t\t\t\t<\/div>\n\t\t\t\t<\/div>\n\t\t\t\t<div class=\"elementor-element elementor-element-91201d1 elementor-align-center elementor-widget elementor-widget-button\" data-id=\"91201d1\" data-element_type=\"widget\" data-e-type=\"widget\" data-widget_type=\"button.default\">\n\t\t\t\t<div class=\"elementor-widget-container\">\n\t\t\t\t\t\t\t\t\t<div class=\"elementor-button-wrapper\">\n\t\t\t\t\t<a class=\"elementor-button elementor-button-link elementor-size-sm\" href=\"https:\/\/cyclingdestination.cc\/de\/harzencounterday1\" target=\"_blank\">\n\t\t\t\t\t\t<span class=\"elementor-button-content-wrapper\">\n\t\t\t\t\t\t\t\t\t<span class=\"elementor-button-text\">Harz Begegnung Tag 1<\/span>\n\t\t\t\t\t<\/span>\n\t\t\t\t\t<\/a>\n\t\t\t\t<\/div>\n\t\t\t\t\t\t\t\t<\/div>\n\t\t\t\t<\/div>\n\t\t\t\t<div class=\"elementor-element elementor-element-3b3cf95 elementor-align-center elementor-widget elementor-widget-button\" data-id=\"3b3cf95\" data-element_type=\"widget\" data-e-type=\"widget\" data-widget_type=\"button.default\">\n\t\t\t\t<div class=\"elementor-widget-container\">\n\t\t\t\t\t\t\t\t\t<div class=\"elementor-button-wrapper\">\n\t\t\t\t\t<a class=\"elementor-button elementor-button-link elementor-size-sm\" href=\"https:\/\/cyclingdestination.cc\/de\/costa-blanca-gravelroute-49km-naar-het-stuwmeer\" target=\"_blank\">\n\t\t\t\t\t\t<span class=\"elementor-button-content-wrapper\">\n\t\t\t\t\t\t\t\t\t<span class=\"elementor-button-text\">Stausee-Schotterweg Costa Blanca - 49km <\/span>\n\t\t\t\t\t<\/span>\n\t\t\t\t\t<\/a>\n\t\t\t\t<\/div>\n\t\t\t\t\t\t\t\t<\/div>\n\t\t\t\t<\/div>\n\t\t\t\t<div class=\"elementor-element elementor-element-3c6a929 elementor-align-center elementor-widget elementor-widget-button\" data-id=\"3c6a929\" data-element_type=\"widget\" data-e-type=\"widget\" data-widget_type=\"button.default\">\n\t\t\t\t<div class=\"elementor-widget-container\">\n\t\t\t\t\t\t\t\t\t<div class=\"elementor-button-wrapper\">\n\t\t\t\t\t<a class=\"elementor-button elementor-button-link elementor-size-sm\" href=\"https:\/\/cyclingdestination.cc\/de\/castell-de-guadelest-50km-gravel\" target=\"_blank\">\n\t\t\t\t\t\t<span class=\"elementor-button-content-wrapper\">\n\t\t\t\t\t\t\t\t\t<span class=\"elementor-button-text\">Castell Schotterweg 50km - Costa Blanca<\/span>\n\t\t\t\t\t<\/span>\n\t\t\t\t\t<\/a>\n\t\t\t\t<\/div>\n\t\t\t\t\t\t\t\t<\/div>\n\t\t\t\t<\/div>\n\t\t\t\t<div class=\"elementor-element elementor-element-006e3eb elementor-align-center elementor-widget elementor-widget-button\" data-id=\"006e3eb\" data-element_type=\"widget\" data-e-type=\"widget\" data-widget_type=\"button.default\">\n\t\t\t\t<div class=\"elementor-widget-container\">\n\t\t\t\t\t\t\t\t\t<div class=\"elementor-button-wrapper\">\n\t\t\t\t\t<a class=\"elementor-button elementor-button-link elementor-size-sm\" href=\"https:\/\/cyclingdestination.cc\/de\/letdestigterpad\" target=\"_blank\">\n\t\t\t\t\t\t<span class=\"elementor-button-content-wrapper\">\n\t\t\t\t\t\t\t\t\t<span class=\"elementor-button-text\">Schotterweg Lassen Sie den Stigter Weg - Prolog<\/span>\n\t\t\t\t\t<\/span>\n\t\t\t\t\t<\/a>\n\t\t\t\t<\/div>\n\t\t\t\t\t\t\t\t<\/div>\n\t\t\t\t<\/div>\n\t\t\t\t<div class=\"elementor-element elementor-element-2d11639 elementor-align-center elementor-widget elementor-widget-button\" data-id=\"2d11639\" data-element_type=\"widget\" data-e-type=\"widget\" data-widget_type=\"button.default\">\n\t\t\t\t<div class=\"elementor-widget-container\">\n\t\t\t\t\t\t\t\t\t<div class=\"elementor-button-wrapper\">\n\t\t\t\t\t<a class=\"elementor-button elementor-button-link elementor-size-sm\" href=\"https:\/\/cyclingdestination.cc\/de\/landaldevers-overloon-landvangrindenzand\" target=\"_blank\">\n\t\t\t\t\t\t<span class=\"elementor-button-content-wrapper\">\n\t\t\t\t\t\t\t\t\t<span class=\"elementor-button-text\">Kriegsmuseum Overloon - 100km Landal Schotterschleifer<\/span>\n\t\t\t\t\t<\/span>\n\t\t\t\t\t<\/a>\n\t\t\t\t<\/div>\n\t\t\t\t\t\t\t\t<\/div>\n\t\t\t\t<\/div>\n\t\t\t\t<div class=\"elementor-element elementor-element-82719c9 elementor-align-center elementor-widget elementor-widget-button\" data-id=\"82719c9\" data-element_type=\"widget\" data-e-type=\"widget\" data-widget_type=\"button.default\">\n\t\t\t\t<div class=\"elementor-widget-container\">\n\t\t\t\t\t\t\t\t\t<div class=\"elementor-button-wrapper\">\n\t\t\t\t\t<a class=\"elementor-button elementor-button-link elementor-size-sm\" href=\"https:\/\/cyclingdestination.cc\/de\/rondjeedemiddelpunt-update\" target=\"_blank\">\n\t\t\t\t\t\t<span class=\"elementor-button-content-wrapper\">\n\t\t\t\t\t\t\t\t\t<span class=\"elementor-button-text\">Center Point Niederlande - Schotter 70km<\/span>\n\t\t\t\t\t<\/span>\n\t\t\t\t\t<\/a>\n\t\t\t\t<\/div>\n\t\t\t\t\t\t\t\t<\/div>\n\t\t\t\t<\/div>\n\t\t\t\t<div class=\"elementor-element elementor-element-0cdab55 elementor-align-center elementor-widget elementor-widget-button\" data-id=\"0cdab55\" data-element_type=\"widget\" data-e-type=\"widget\" data-widget_type=\"button.default\">\n\t\t\t\t<div class=\"elementor-widget-container\">\n\t\t\t\t\t\t\t\t\t<div class=\"elementor-button-wrapper\">\n\t\t\t\t\t<a class=\"elementor-button elementor-button-link elementor-size-sm\" href=\"https:\/\/cyclingdestination.cc\/wp-content\/uploads\/2025\/12\/Gravel-130km-Ede-Utrecht.gpx\" target=\"_blank\">\n\t\t\t\t\t\t<span class=\"elementor-button-content-wrapper\">\n\t\t\t\t\t\t\t\t\t<span class=\"elementor-button-text\">130km - DFM - Punkt zu Punkt ede-utrecht<\/span>\n\t\t\t\t\t<\/span>\n\t\t\t\t\t<\/a>\n\t\t\t\t<\/div>\n\t\t\t\t\t\t\t\t<\/div>\n\t\t\t\t<\/div>\n\t\t\t\t<div class=\"elementor-element elementor-element-0a1fd25 elementor-align-center elementor-widget elementor-widget-button\" data-id=\"0a1fd25\" data-element_type=\"widget\" data-e-type=\"widget\" data-widget_type=\"button.default\">\n\t\t\t\t<div class=\"elementor-widget-container\">\n\t\t\t\t\t\t\t\t\t<div class=\"elementor-button-wrapper\">\n\t\t\t\t\t<a class=\"elementor-button elementor-button-link elementor-size-sm\" href=\"https:\/\/cyclingdestination.cc\/de\/2025-11-10_2678528033_gravelroute-posbank\" target=\"_blank\">\n\t\t\t\t\t\t<span class=\"elementor-button-content-wrapper\">\n\t\t\t\t\t\t\t\t\t<span class=\"elementor-button-text\">Posbank Schotterrunde 45km<\/span>\n\t\t\t\t\t<\/span>\n\t\t\t\t\t<\/a>\n\t\t\t\t<\/div>\n\t\t\t\t\t\t\t\t<\/div>\n\t\t\t\t<\/div>\n\t\t\t\t<div class=\"elementor-element elementor-element-6e1461b elementor-align-center elementor-widget elementor-widget-button\" data-id=\"6e1461b\" data-element_type=\"widget\" data-e-type=\"widget\" data-widget_type=\"button.default\">\n\t\t\t\t<div class=\"elementor-widget-container\">\n\t\t\t\t\t\t\t\t\t<div class=\"elementor-button-wrapper\">\n\t\t\t\t\t<a class=\"elementor-button elementor-button-link elementor-size-sm\" href=\"https:\/\/cyclingdestination.cc\/wp-content\/uploads\/2025\/11\/Landal-GreenParks-Orveltermarke-Graveldag-2.gpx\" target=\"_blank\">\n\t\t\t\t\t\t<span class=\"elementor-button-content-wrapper\">\n\t\t\t\t\t\t\t\t\t<span class=\"elementor-button-text\">Schotter Drenthe 75km-Landal Rundfahrt<\/span>\n\t\t\t\t\t<\/span>\n\t\t\t\t\t<\/a>\n\t\t\t\t<\/div>\n\t\t\t\t\t\t\t\t<\/div>\n\t\t\t\t<\/div>\n\t\t\t\t<div class=\"elementor-element elementor-element-ce5269e elementor-align-center elementor-widget elementor-widget-button\" data-id=\"ce5269e\" data-element_type=\"widget\" data-e-type=\"widget\" data-widget_type=\"button.default\">\n\t\t\t\t<div class=\"elementor-widget-container\">\n\t\t\t\t\t\t\t\t\t<div class=\"elementor-button-wrapper\">\n\t\t\t\t\t<a class=\"elementor-button elementor-button-link elementor-size-sm\" href=\"https:\/\/cyclingdestination.cc\/de\/utrecht-80-km-lekker-gravel\" target=\"_blank\">\n\t\t\t\t\t\t<span class=\"elementor-button-content-wrapper\">\n\t\t\t\t\t\t\t\t\t<span class=\"elementor-button-text\">Utrecht Schotterschleife<\/span>\n\t\t\t\t\t<\/span>\n\t\t\t\t\t<\/a>\n\t\t\t\t<\/div>\n\t\t\t\t\t\t\t\t<\/div>\n\t\t\t\t<\/div>\n\t\t\t\t<div class=\"elementor-element elementor-element-51fb75c elementor-align-center elementor-widget elementor-widget-button\" data-id=\"51fb75c\" data-element_type=\"widget\" data-e-type=\"widget\" data-widget_type=\"button.default\">\n\t\t\t\t<div class=\"elementor-widget-container\">\n\t\t\t\t\t\t\t\t\t<div class=\"elementor-button-wrapper\">\n\t\t\t\t\t<a class=\"elementor-button elementor-button-link elementor-size-sm\" href=\"https:\/\/cyclingdestination.cc\/de\/gravelbolzanostoarnenemandl\" target=\"_blank\">\n\t\t\t\t\t\t<span class=\"elementor-button-content-wrapper\">\n\t\t\t\t\t\t\t\t\t<span class=\"elementor-button-text\">Alpiner Schotter Italien - Bozen - Stoanerne Mandl<\/span>\n\t\t\t\t\t<\/span>\n\t\t\t\t\t<\/a>\n\t\t\t\t<\/div>\n\t\t\t\t\t\t\t\t<\/div>\n\t\t\t\t<\/div>\n\t\t\t\t<div class=\"elementor-element elementor-element-16ea905 elementor-align-center elementor-widget elementor-widget-button\" data-id=\"16ea905\" data-element_type=\"widget\" data-e-type=\"widget\" data-widget_type=\"button.default\">\n\t\t\t\t<div class=\"elementor-widget-container\">\n\t\t\t\t\t\t\t\t\t<div class=\"elementor-button-wrapper\">\n\t\t\t\t\t<a class=\"elementor-button elementor-button-link elementor-size-sm\" href=\"https:\/\/cyclingdestination.cc\/de\/point2point-ede-utrecht-vv\" target=\"_blank\">\n\t\t\t\t\t\t<span class=\"elementor-button-content-wrapper\">\n\t\t\t\t\t\t\t\t\t<span class=\"elementor-button-text\">Utrecht Punkt zu Punkt - 100km Ede-Utrecht Schotter<\/span>\n\t\t\t\t\t<\/span>\n\t\t\t\t\t<\/a>\n\t\t\t\t<\/div>\n\t\t\t\t\t\t\t\t<\/div>\n\t\t\t\t<\/div>\n\t\t\t\t\t<\/div>\n\t\t\t\t<\/div>\n\t\t<div class=\"elementor-element elementor-element-28eb65b e-flex e-con-boxed e-con e-parent\" data-id=\"28eb65b\" data-element_type=\"container\" data-e-type=\"container\">\n\t\t\t\t\t<div class=\"e-con-inner\">\n\t\t\t\t<div class=\"elementor-element elementor-element-92443f3 elementor-widget elementor-widget-heading\" data-id=\"92443f3\" data-element_type=\"widget\" data-e-type=\"widget\" data-widget_type=\"heading.default\">\n\t\t\t\t<div class=\"elementor-widget-container\">\n\t\t\t\t\t<h2 class=\"elementor-heading-title elementor-size-default\">Mehr Inspiration? Sehen Sie sich unsere neuesten Artikel an!<\/h2>\t\t\t\t<\/div>\n\t\t\t\t<\/div>\n\t\t\t\t\t<\/div>\n\t\t\t\t<\/div>\n\t\t<div class=\"elementor-element elementor-element-40acb65 e-flex e-con-boxed e-con e-parent\" data-id=\"40acb65\" data-element_type=\"container\" data-e-type=\"container\">\n\t\t\t\t\t<div class=\"e-con-inner\">\n\t\t\t\t<div class=\"elementor-element elementor-element-3290ae1 elementor-widget elementor-widget-text-editor\" data-id=\"3290ae1\" data-element_type=\"widget\" data-e-type=\"widget\" data-widget_type=\"text-editor.default\">\n\t\t\t\t<div class=\"elementor-widget-container\">\n\t\t\t\t\t\t\t\t\t<p>In unseren Artikeln finden Sie eine Mischung aus Geschichten und Tipps f\u00fcr viele verschiedene Regionen. Die Routen sind oft in einer Komoot-Sammlung am Ende des Artikels zu finden.<\/p><p>Haben Sie auch eigene Tipps? Dann senden Sie <a href=\"mailto:info@cyclingdestination.cc\">eine Nachricht<\/a>!<\/p>\t\t\t\t\t\t\t\t<\/div>\n\t\t\t\t<\/div>\n\t\t\t\t\t<\/div>\n\t\t\t\t<\/div>\n\t\t<div class=\"elementor-element elementor-element-8201b47 e-flex e-con-boxed e-con e-parent\" data-id=\"8201b47\" data-element_type=\"container\" data-e-type=\"container\">\n\t\t\t\t\t<div class=\"e-con-inner\">\n\t\t\t\t<div class=\"elementor-element elementor-element-3847144 elementor-grid-3 elementor-grid-tablet-2 elementor-grid-mobile-1 elementor-posts--thumbnail-top elementor-widget elementor-widget-posts\" data-id=\"3847144\" data-element_type=\"widget\" data-e-type=\"widget\" data-settings=\"{&quot;classic_columns&quot;:&quot;3&quot;,&quot;classic_columns_tablet&quot;:&quot;2&quot;,&quot;classic_columns_mobile&quot;:&quot;1&quot;,&quot;classic_row_gap&quot;:{&quot;unit&quot;:&quot;px&quot;,&quot;size&quot;:35,&quot;sizes&quot;:[]},&quot;classic_row_gap_laptop&quot;:{&quot;unit&quot;:&quot;px&quot;,&quot;size&quot;:&quot;&quot;,&quot;sizes&quot;:[]},&quot;classic_row_gap_tablet&quot;:{&quot;unit&quot;:&quot;px&quot;,&quot;size&quot;:&quot;&quot;,&quot;sizes&quot;:[]},&quot;classic_row_gap_mobile&quot;:{&quot;unit&quot;:&quot;px&quot;,&quot;size&quot;:&quot;&quot;,&quot;sizes&quot;:[]}}\" data-widget_type=\"posts.classic\">\n\t\t\t\t<div class=\"elementor-widget-container\">\n\t\t\t\t\t\t\t<div class=\"elementor-posts-container elementor-posts elementor-posts--skin-classic elementor-grid\" role=\"list\">\n\t\t\t\t<article class=\"elementor-post elementor-grid-item post-26342 post type-post status-publish format-standard has-post-thumbnail hentry category-italie category-ligurie category-verhalen tag-fietspaden tag-ligurie tag-pedala-a-ponente\" role=\"listitem\">\n\t\t\t\t<a class=\"elementor-post__thumbnail__link\" href=\"https:\/\/cyclingdestination.cc\/de\/verhalen\/pedala-a-ponente-liguria-cycling-network-guide\" tabindex=\"-1\" >\n\t\t\t<div class=\"elementor-post__thumbnail\"><img fetchpriority=\"high\" decoding=\"async\" width=\"300\" height=\"200\" src=\"https:\/\/cyclingdestination.cc\/wp-content\/uploads\/2026\/04\/AdobeStock_466710788-300x200.jpeg\" class=\"attachment-medium size-medium wp-image-26498\" alt=\"\" srcset=\"https:\/\/cyclingdestination.cc\/wp-content\/uploads\/2026\/04\/AdobeStock_466710788-300x200.jpeg 300w, https:\/\/cyclingdestination.cc\/wp-content\/uploads\/2026\/04\/AdobeStock_466710788-1024x683.jpeg 1024w, https:\/\/cyclingdestination.cc\/wp-content\/uploads\/2026\/04\/AdobeStock_466710788-768x512.jpeg 768w, https:\/\/cyclingdestination.cc\/wp-content\/uploads\/2026\/04\/AdobeStock_466710788-1536x1024.jpeg 1536w, https:\/\/cyclingdestination.cc\/wp-content\/uploads\/2026\/04\/AdobeStock_466710788-18x12.jpeg 18w, https:\/\/cyclingdestination.cc\/wp-content\/uploads\/2026\/04\/AdobeStock_466710788.jpeg 1920w\" sizes=\"(max-width: 300px) 100vw, 300px\" \/><\/div>\n\t\t<\/a>\n\t\t\t\t<div class=\"elementor-post__text\">\n\t\t\t\t<h3 class=\"elementor-post__title\">\n\t\t\t<a href=\"https:\/\/cyclingdestination.cc\/de\/verhalen\/pedala-a-ponente-liguria-cycling-network-guide\" >\n\t\t\t\tPedala a Ponente \u2013 1.600 Kilometer Reden om het Ligurische Binnenland in te Duiken\t\t\t<\/a>\n\t\t<\/h3>\n\t\t\t\t<div class=\"elementor-post__meta-data\">\n\t\t\t\t\t<span class=\"elementor-post-date\">\n\t\t\t23 April 2026\t\t<\/span>\n\t\t\t\t<span class=\"elementor-post-avatar\">\n\t\t\tKeine Kommentare\t\t<\/span>\n\t\t\t\t<\/div>\n\t\t\t\t<div class=\"elementor-post__excerpt\">\n\t\t\t<p>Eindelijk een ge\u00efntegreerd fietsnetwerk dat je van de drukke Ligurische kust het binnenland in stuurt. Meer dan 30 lussen, 23 gemeenten en 40.000 hoogtemeters. En ja, de Poggio ligt om de hoek.<\/p>\n\t\t<\/div>\n\t\t\n\t\t<a class=\"elementor-post__read-more\" href=\"https:\/\/cyclingdestination.cc\/de\/verhalen\/pedala-a-ponente-liguria-cycling-network-guide\" aria-label=\"Mehr \u00fcber Pedala a Ponente \u2013 1.600 Kilometer Reden om het Ligurische Binnenland in te Duiken\" tabindex=\"-1\" >\n\t\t\tMehr lesen \"\t\t<\/a>\n\n\t\t\t\t<\/div>\n\t\t\t\t<\/article>\n\t\t\t\t<article class=\"elementor-post elementor-grid-item post-26475 post type-post status-publish format-standard has-post-thumbnail hentry category-extremadura category-spanje category-verhalen tag-extremadura tag-greenways tag-spanje\" role=\"listitem\">\n\t\t\t\t<a class=\"elementor-post__thumbnail__link\" href=\"https:\/\/cyclingdestination.cc\/de\/verhalen\/onontdekt-extremadura-in-spanje-mag-op-de-bucketlist-voor-jouw-volgende-fietsvakantie\" tabindex=\"-1\" >\n\t\t\t<div class=\"elementor-post__thumbnail\"><img decoding=\"async\" width=\"300\" height=\"200\" src=\"https:\/\/cyclingdestination.cc\/wp-content\/uploads\/2026\/04\/Via-Verde-de-Monfrague-\u00a9-Turismo-de-Extremadura-5-300x200.jpg\" class=\"attachment-medium size-medium wp-image-26483\" alt=\"\" srcset=\"https:\/\/cyclingdestination.cc\/wp-content\/uploads\/2026\/04\/Via-Verde-de-Monfrague-\u00a9-Turismo-de-Extremadura-5-300x200.jpg 300w, https:\/\/cyclingdestination.cc\/wp-content\/uploads\/2026\/04\/Via-Verde-de-Monfrague-\u00a9-Turismo-de-Extremadura-5-1024x683.jpg 1024w, https:\/\/cyclingdestination.cc\/wp-content\/uploads\/2026\/04\/Via-Verde-de-Monfrague-\u00a9-Turismo-de-Extremadura-5-768x512.jpg 768w, https:\/\/cyclingdestination.cc\/wp-content\/uploads\/2026\/04\/Via-Verde-de-Monfrague-\u00a9-Turismo-de-Extremadura-5-1536x1024.jpg 1536w, https:\/\/cyclingdestination.cc\/wp-content\/uploads\/2026\/04\/Via-Verde-de-Monfrague-\u00a9-Turismo-de-Extremadura-5-18x12.jpg 18w, https:\/\/cyclingdestination.cc\/wp-content\/uploads\/2026\/04\/Via-Verde-de-Monfrague-\u00a9-Turismo-de-Extremadura-5.jpg 1920w\" sizes=\"(max-width: 300px) 100vw, 300px\" \/><\/div>\n\t\t<\/a>\n\t\t\t\t<div class=\"elementor-post__text\">\n\t\t\t\t<h3 class=\"elementor-post__title\">\n\t\t\t<a href=\"https:\/\/cyclingdestination.cc\/de\/verhalen\/onontdekt-extremadura-in-spanje-mag-op-de-bucketlist-voor-jouw-volgende-fietsvakantie\" >\n\t\t\t\tOnontdekt: Extremadura in Spanje mag op de bucketlist voor jouw volgende fietsvakantie\t\t\t<\/a>\n\t\t<\/h3>\n\t\t\t\t<div class=\"elementor-post__meta-data\">\n\t\t\t\t\t<span class=\"elementor-post-date\">\n\t\t\t23 April 2026\t\t<\/span>\n\t\t\t\t<span class=\"elementor-post-avatar\">\n\t\t\tKeine Kommentare\t\t<\/span>\n\t\t\t\t<\/div>\n\t\t\t\t<div class=\"elementor-post__excerpt\">\n\t\t\t<p>Wie een fietsvakantie naar Spanje overweegt, komt al gauw de bekende regio\u2019s tegen. Meestal net over de grens rondom Girona, in Baskenland of juist verder<\/p>\n\t\t<\/div>\n\t\t\n\t\t<a class=\"elementor-post__read-more\" href=\"https:\/\/cyclingdestination.cc\/de\/verhalen\/onontdekt-extremadura-in-spanje-mag-op-de-bucketlist-voor-jouw-volgende-fietsvakantie\" aria-label=\"Mehr \u00fcber Onontdekt: Extremadura in Spanje mag op de bucketlist voor jouw volgende fietsvakantie\" tabindex=\"-1\" >\n\t\t\tMehr lesen \"\t\t<\/a>\n\n\t\t\t\t<\/div>\n\t\t\t\t<\/article>\n\t\t\t\t<article class=\"elementor-post elementor-grid-item post-26462 post type-post status-publish format-standard has-post-thumbnail hentry category-nieuws category-verhalen category-zweden tag-gravel tag-vatternrundan\" role=\"listitem\">\n\t\t\t\t<a class=\"elementor-post__thumbnail__link\" href=\"https:\/\/cyclingdestination.cc\/de\/nieuws\/vatternrundan-gravel-event-motala-zweden-2026\" tabindex=\"-1\" >\n\t\t\t<div class=\"elementor-post__thumbnail\"><img decoding=\"async\" width=\"300\" height=\"200\" src=\"https:\/\/cyclingdestination.cc\/wp-content\/uploads\/2026\/04\/patrik_svedberg-biking_with_a_view-6425-2-300x200.jpg\" class=\"attachment-medium size-medium wp-image-26473\" alt=\"\" srcset=\"https:\/\/cyclingdestination.cc\/wp-content\/uploads\/2026\/04\/patrik_svedberg-biking_with_a_view-6425-2-300x200.jpg 300w, https:\/\/cyclingdestination.cc\/wp-content\/uploads\/2026\/04\/patrik_svedberg-biking_with_a_view-6425-2-1024x683.jpg 1024w, https:\/\/cyclingdestination.cc\/wp-content\/uploads\/2026\/04\/patrik_svedberg-biking_with_a_view-6425-2-768x512.jpg 768w, https:\/\/cyclingdestination.cc\/wp-content\/uploads\/2026\/04\/patrik_svedberg-biking_with_a_view-6425-2-1536x1024.jpg 1536w, https:\/\/cyclingdestination.cc\/wp-content\/uploads\/2026\/04\/patrik_svedberg-biking_with_a_view-6425-2-18x12.jpg 18w, https:\/\/cyclingdestination.cc\/wp-content\/uploads\/2026\/04\/patrik_svedberg-biking_with_a_view-6425-2.jpg 1920w\" sizes=\"(max-width: 300px) 100vw, 300px\" \/><\/div>\n\t\t<\/a>\n\t\t\t\t<div class=\"elementor-post__text\">\n\t\t\t\t<h3 class=\"elementor-post__title\">\n\t\t\t<a href=\"https:\/\/cyclingdestination.cc\/de\/nieuws\/vatternrundan-gravel-event-motala-zweden-2026\" >\n\t\t\t\tV\u00e4tternrundan voegt gravel race toe in September 2026\t\t\t<\/a>\n\t\t<\/h3>\n\t\t\t\t<div class=\"elementor-post__meta-data\">\n\t\t\t\t\t<span class=\"elementor-post-date\">\n\t\t\t22 April 2026\t\t<\/span>\n\t\t\t\t<span class=\"elementor-post-avatar\">\n\t\t\tKeine Kommentare\t\t<\/span>\n\t\t\t\t<\/div>\n\t\t\t\t<div class=\"elementor-post__excerpt\">\n\t\t\t<p>V\u00e4tternrundan brengt voor het eerst een gravelwedstrijd uit. V\u00e4tternrundan Gravel is een 120 kilometer recreational ride op 12 september 2026 bij Motala in Zweden, met ongeveer 70 procent gravel. Inschrijving geopend.<\/p>\n\t\t<\/div>\n\t\t\n\t\t<a class=\"elementor-post__read-more\" href=\"https:\/\/cyclingdestination.cc\/de\/nieuws\/vatternrundan-gravel-event-motala-zweden-2026\" aria-label=\"Mehr \u00fcber V\u00e4tternrundan voegt gravel race toe in September 2026\" tabindex=\"-1\" >\n\t\t\tMehr lesen \"\t\t<\/a>\n\n\t\t\t\t<\/div>\n\t\t\t\t<\/article>\n\t\t\t\t<article class=\"elementor-post elementor-grid-item post-26399 post type-post status-publish format-standard has-post-thumbnail hentry category-gravel category-spanje category-verhalen tag-catalonie tag-grand-tour-catalonie tag-gravel\" role=\"listitem\">\n\t\t\t\t<a class=\"elementor-post__thumbnail__link\" href=\"https:\/\/cyclingdestination.cc\/de\/gravel\/grand-tour-catalunya-gravel-route-catalonie-2500km\" tabindex=\"-1\" >\n\t\t\t<div class=\"elementor-post__thumbnail\"><img loading=\"lazy\" decoding=\"async\" width=\"300\" height=\"200\" src=\"https:\/\/cyclingdestination.cc\/wp-content\/uploads\/2025\/11\/\u00a9Bram-de-Vrind.-202304-Catalunya-Costa-Brava-fietsreis-Catalonie-04-300x200.jpg\" class=\"attachment-medium size-medium wp-image-25340\" alt=\"\" srcset=\"https:\/\/cyclingdestination.cc\/wp-content\/uploads\/2025\/11\/\u00a9Bram-de-Vrind.-202304-Catalunya-Costa-Brava-fietsreis-Catalonie-04-300x200.jpg 300w, https:\/\/cyclingdestination.cc\/wp-content\/uploads\/2025\/11\/\u00a9Bram-de-Vrind.-202304-Catalunya-Costa-Brava-fietsreis-Catalonie-04-1024x683.jpg 1024w, https:\/\/cyclingdestination.cc\/wp-content\/uploads\/2025\/11\/\u00a9Bram-de-Vrind.-202304-Catalunya-Costa-Brava-fietsreis-Catalonie-04-768x512.jpg 768w, https:\/\/cyclingdestination.cc\/wp-content\/uploads\/2025\/11\/\u00a9Bram-de-Vrind.-202304-Catalunya-Costa-Brava-fietsreis-Catalonie-04-1536x1024.jpg 1536w, https:\/\/cyclingdestination.cc\/wp-content\/uploads\/2025\/11\/\u00a9Bram-de-Vrind.-202304-Catalunya-Costa-Brava-fietsreis-Catalonie-04-18x12.jpg 18w, https:\/\/cyclingdestination.cc\/wp-content\/uploads\/2025\/11\/\u00a9Bram-de-Vrind.-202304-Catalunya-Costa-Brava-fietsreis-Catalonie-04.jpg 1920w\" sizes=\"(max-width: 300px) 100vw, 300px\" \/><\/div>\n\t\t<\/a>\n\t\t\t\t<div class=\"elementor-post__text\">\n\t\t\t\t<h3 class=\"elementor-post__title\">\n\t\t\t<a href=\"https:\/\/cyclingdestination.cc\/de\/gravel\/grand-tour-catalunya-gravel-route-catalonie-2500km\" >\n\t\t\t\tGrand Tour Catalunya Gravel Gelanceerd: 2.500 km Zelfgereden Gravelronde Door Cataloni\u00eb\t\t\t<\/a>\n\t\t<\/h3>\n\t\t\t\t<div class=\"elementor-post__meta-data\">\n\t\t\t\t\t<span class=\"elementor-post-date\">\n\t\t\t16 April 2026\t\t<\/span>\n\t\t\t\t<span class=\"elementor-post-avatar\">\n\t\t\tKeine Kommentare\t\t<\/span>\n\t\t\t\t<\/div>\n\t\t\t\t<div class=\"elementor-post__excerpt\">\n\t\t\t<p>Cataloni\u00eb heeft een nieuwe gravelroute van 2.500 km, verdeeld over 42 etappes en vijf secties. Flexibel instappen, behapbare afstanden en volgens de organisatoren vooral offroad. Dat is serieus.<\/p>\n\t\t<\/div>\n\t\t\n\t\t<a class=\"elementor-post__read-more\" href=\"https:\/\/cyclingdestination.cc\/de\/gravel\/grand-tour-catalunya-gravel-route-catalonie-2500km\" aria-label=\"Mehr \u00fcber Grand Tour Catalunya Gravel Gelanceerd: 2.500 km Zelfgereden Gravelronde Door Cataloni\u00eb\" tabindex=\"-1\" >\n\t\t\tMehr lesen \"\t\t<\/a>\n\n\t\t\t\t<\/div>\n\t\t\t\t<\/article>\n\t\t\t\t<article class=\"elementor-post elementor-grid-item post-26420 post type-post status-publish format-standard has-post-thumbnail hentry category-spanje category-valencia category-verhalen tag-ciutat-de-les-arts-i-les-ciencies tag-do-you-bike-rental tag-duinen tag-fietsbestemming tag-fietsen tag-fietsverhuur tag-fietsvriendelijk tag-gravelbike tag-gravelpaden tag-hoogtemeters tag-lalbufera tag-metro tag-olympia-hotel tag-racefiets tag-rijstvelden tag-seizoensroute tag-sierra-calderona tag-strand tag-turia-park tag-valenbisi tag-valencia tag-winterroute tag-zoetwatermeer tag-zomerroute\" role=\"listitem\">\n\t\t\t\t<a class=\"elementor-post__thumbnail__link\" href=\"https:\/\/cyclingdestination.cc\/de\/verhalen\/spanje\/fietsbestemming-valencia-tips-routes-gids\" tabindex=\"-1\" >\n\t\t\t<div class=\"elementor-post__thumbnail\"><img loading=\"lazy\" decoding=\"async\" width=\"300\" height=\"200\" src=\"https:\/\/cyclingdestination.cc\/wp-content\/uploads\/2026\/04\/AdobeStock_474880695-300x200.jpeg\" class=\"attachment-medium size-medium wp-image-26445\" alt=\"\" srcset=\"https:\/\/cyclingdestination.cc\/wp-content\/uploads\/2026\/04\/AdobeStock_474880695-300x200.jpeg 300w, https:\/\/cyclingdestination.cc\/wp-content\/uploads\/2026\/04\/AdobeStock_474880695-1024x683.jpeg 1024w, https:\/\/cyclingdestination.cc\/wp-content\/uploads\/2026\/04\/AdobeStock_474880695-768x512.jpeg 768w, https:\/\/cyclingdestination.cc\/wp-content\/uploads\/2026\/04\/AdobeStock_474880695-1536x1024.jpeg 1536w, https:\/\/cyclingdestination.cc\/wp-content\/uploads\/2026\/04\/AdobeStock_474880695-18x12.jpeg 18w, https:\/\/cyclingdestination.cc\/wp-content\/uploads\/2026\/04\/AdobeStock_474880695.jpeg 1920w\" sizes=\"(max-width: 300px) 100vw, 300px\" \/><\/div>\n\t\t<\/a>\n\t\t\t\t<div class=\"elementor-post__text\">\n\t\t\t\t<h3 class=\"elementor-post__title\">\n\t\t\t<a href=\"https:\/\/cyclingdestination.cc\/de\/verhalen\/spanje\/fietsbestemming-valencia-tips-routes-gids\" >\n\t\t\t\tDie Region Valencia mit dem Fahrrad: Vielseitigkeit von einem Basislager\t\t\t<\/a>\n\t\t<\/h3>\n\t\t\t\t<div class=\"elementor-post__meta-data\">\n\t\t\t\t\t<span class=\"elementor-post-date\">\n\t\t\t2. April 2026\t\t<\/span>\n\t\t\t\t<span class=\"elementor-post-avatar\">\n\t\t\tKeine Kommentare\t\t<\/span>\n\t\t\t\t<\/div>\n\t\t\t\t<div class=\"elementor-post__excerpt\">\n\t\t\t<p>Strand, Feuchtgebiet und Bergpfad innerhalb einer Region. Valencia bietet eine seltene Mischung aus flachem Stadtkomfort, 48 km Naturroute und anspruchsvollem Schotter- und MTB-Gel\u00e4nde in der Sierra Calderona, alles ohne Hotelwechsel.<\/p>\n\t\t<\/div>\n\t\t\n\t\t<a class=\"elementor-post__read-more\" href=\"https:\/\/cyclingdestination.cc\/de\/verhalen\/spanje\/fietsbestemming-valencia-tips-routes-gids\" aria-label=\"Mehr \u00fcber De regio Valencia op de fiets: veelzijdigheid vanuit \u00e9\u00e9n basecamp\" tabindex=\"-1\" >\n\t\t\tMehr lesen \"\t\t<\/a>\n\n\t\t\t\t<\/div>\n\t\t\t\t<\/article>\n\t\t\t\t<article class=\"elementor-post elementor-grid-item post-26413 post type-post status-publish format-standard has-post-thumbnail hentry category-gravel category-oostenrijk category-tirol category-verhalen tag-gravel tag-gravelroutes tag-gravelroutes-tirol tag-oostenrijk\" role=\"listitem\">\n\t\t\t\t<a class=\"elementor-post__thumbnail__link\" href=\"https:\/\/cyclingdestination.cc\/de\/gravel\/gravel-in-oostenrijk-tiroler-zugspitz-arena-biedt-opties\" tabindex=\"-1\" >\n\t\t\t<div class=\"elementor-post__thumbnail\"><img loading=\"lazy\" decoding=\"async\" width=\"300\" height=\"200\" src=\"https:\/\/cyclingdestination.cc\/wp-content\/uploads\/2026\/03\/Credits-TZA-Nikola_Radovic8-300x200.jpg\" class=\"attachment-medium size-medium wp-image-26414\" alt=\"\" srcset=\"https:\/\/cyclingdestination.cc\/wp-content\/uploads\/2026\/03\/Credits-TZA-Nikola_Radovic8-300x200.jpg 300w, https:\/\/cyclingdestination.cc\/wp-content\/uploads\/2026\/03\/Credits-TZA-Nikola_Radovic8-1024x682.jpg 1024w, https:\/\/cyclingdestination.cc\/wp-content\/uploads\/2026\/03\/Credits-TZA-Nikola_Radovic8-768x511.jpg 768w, https:\/\/cyclingdestination.cc\/wp-content\/uploads\/2026\/03\/Credits-TZA-Nikola_Radovic8-1536x1022.jpg 1536w, https:\/\/cyclingdestination.cc\/wp-content\/uploads\/2026\/03\/Credits-TZA-Nikola_Radovic8-18x12.jpg 18w, https:\/\/cyclingdestination.cc\/wp-content\/uploads\/2026\/03\/Credits-TZA-Nikola_Radovic8.jpg 1920w\" sizes=\"(max-width: 300px) 100vw, 300px\" \/><\/div>\n\t\t<\/a>\n\t\t\t\t<div class=\"elementor-post__text\">\n\t\t\t\t<h3 class=\"elementor-post__title\">\n\t\t\t<a href=\"https:\/\/cyclingdestination.cc\/de\/gravel\/gravel-in-oostenrijk-tiroler-zugspitz-arena-biedt-opties\" >\n\t\t\t\tSchotter in \u00d6sterreich: Tiroler Zugspitz Arena bietet M\u00f6glichkeiten\t\t\t<\/a>\n\t\t<\/h3>\n\t\t\t\t<div class=\"elementor-post__meta-data\">\n\t\t\t\t\t<span class=\"elementor-post-date\">\n\t\t\t16. M\u00e4rz 2026\t\t<\/span>\n\t\t\t\t<span class=\"elementor-post-avatar\">\n\t\t\tKeine Kommentare\t\t<\/span>\n\t\t\t\t<\/div>\n\t\t\t\t<div class=\"elementor-post__excerpt\">\n\t\t\t<p>Schotter ist der Weg zur Freiheit. Immer mehr Menschen nutzen das Schotterfahrrad, um dieses Gef\u00fchl der Freiheit zu erleben. Stellen Sie sich vor: halbgepflastert<\/p>\n\t\t<\/div>\n\t\t\n\t\t<a class=\"elementor-post__read-more\" href=\"https:\/\/cyclingdestination.cc\/de\/gravel\/gravel-in-oostenrijk-tiroler-zugspitz-arena-biedt-opties\" aria-label=\"Mehr \u00fcber Gravel in Oostenrijk: Tiroler Zugspitz Arena biedt opties\" tabindex=\"-1\" >\n\t\t\tMehr lesen \"\t\t<\/a>\n\n\t\t\t\t<\/div>\n\t\t\t\t<\/article>\n\t\t\t\t<\/div>\n\t\t\n\t\t\t\t\t\t<\/div>\n\t\t\t\t<\/div>\n\t\t\t\t\t<\/div>\n\t\t\t\t<\/div>\n\t\t<div class=\"elementor-element elementor-element-58c8f25 e-flex e-con-boxed e-con e-parent\" data-id=\"58c8f25\" data-element_type=\"container\" data-e-type=\"container\">\n\t\t\t\t\t<div class=\"e-con-inner\">\n\t\t\t\t\t<\/div>\n\t\t\t\t<\/div>\n\t\t\t\t<\/div>","protected":false},"excerpt":{"rendered":"<p>Dit is GPX download pagina &#8211; hier vind je de GPX-en bij de reels op Insta Als je nog graag een route wilt terugzien, of als je er eentje wilt toevoegen aan onze database &#8211; stuur ons dan een\u00a0berichtje! Deze serie met routes is nog verder in ontwikkeling. We gaan ook rangschikken naar land\/regio, maar [&hellip;]<\/p>\n","protected":false},"author":1,"featured_media":11856,"parent":0,"menu_order":0,"comment_status":"closed","ping_status":"closed","template":"elementor_header_footer","meta":{"_acf_changed":false,"iawp_total_views":2705,"footnotes":""},"categories":[],"tags":[],"class_list":["post-24929","page","type-page","status-publish","has-post-thumbnail","hentry"],"acf":[],"featured_image_url":{"thumbnail":"https:\/\/cyclingdestination.cc\/wp-content\/uploads\/2023\/05\/SJKF9033-150x150.webp","medium":"https:\/\/cyclingdestination.cc\/wp-content\/uploads\/2023\/05\/SJKF9033-300x200.webp","medium_large":"https:\/\/cyclingdestination.cc\/wp-content\/uploads\/2023\/05\/SJKF9033-768x512.webp","large":"https:\/\/cyclingdestination.cc\/wp-content\/uploads\/2023\/05\/SJKF9033-1024x683.webp","1536x1536":"https:\/\/cyclingdestination.cc\/wp-content\/uploads\/2023\/05\/SJKF9033-1536x1024.webp","2048x2048":"https:\/\/cyclingdestination.cc\/wp-content\/uploads\/2023\/05\/SJKF9033-2048x1365.webp","trp-custom-language-flag":"https:\/\/cyclingdestination.cc\/wp-content\/uploads\/2023\/05\/SJKF9033-scaled.webp"},"post_author":"Sander","assigned_categories":"","yoast_head":"<!-- This site is optimized with the Yoast SEO plugin v27.4 - https:\/\/yoast.com\/product\/yoast-seo-wordpress\/ -->\n<title>GPX-database - Cycling Destination<\/title>\n<meta name=\"description\" content=\"Linktree pagina voor CyclingDestination.cc met recente content over fietsvakanties, tips en meer. Linktree voor insta.\" \/>\n<meta name=\"robots\" content=\"index, follow, max-snippet:-1, max-image-preview:large, max-video-preview:-1\" \/>\n<link rel=\"canonical\" href=\"https:\/\/cyclingdestination.cc\/de\/gpx-database\/\" \/>\n<meta property=\"og:locale\" content=\"de_DE\" \/>\n<meta property=\"og:type\" content=\"article\" \/>\n<meta property=\"og:title\" content=\"GPX-database - Cycling Destination\" \/>\n<meta property=\"og:description\" content=\"Linktree pagina voor CyclingDestination.cc met recente content over fietsvakanties, tips en meer. Linktree voor insta.\" \/>\n<meta property=\"og:url\" content=\"https:\/\/cyclingdestination.cc\/de\/gpx-database\/\" \/>\n<meta property=\"og:site_name\" content=\"Cycling Destination\" \/>\n<meta property=\"article:publisher\" content=\"https:\/\/www.facebook.com\/cyclingdestination.cc\" \/>\n<meta property=\"article:modified_time\" content=\"2026-04-18T12:16:54+00:00\" \/>\n<meta property=\"og:image\" content=\"https:\/\/cyclingdestination.cc\/wp-content\/uploads\/2023\/05\/SJKF9033-scaled.webp\" \/>\n\t<meta property=\"og:image:width\" content=\"1080\" \/>\n\t<meta property=\"og:image:height\" content=\"720\" \/>\n\t<meta property=\"og:image:type\" content=\"image\/jpeg\" \/>\n<meta name=\"twitter:card\" content=\"summary_large_image\" \/>\n<meta name=\"twitter:site\" content=\"@cyclingdestin\" \/>\n<meta name=\"twitter:label1\" content=\"Gesch\u00e4tzte Lesezeit\" \/>\n\t<meta name=\"twitter:data1\" content=\"4\u00a0Minuten\" \/>\n<script type=\"application\/ld+json\" class=\"yoast-schema-graph\">{\"@context\":\"https:\\\/\\\/schema.org\",\"@graph\":[{\"@type\":\"WebPage\",\"@id\":\"https:\\\/\\\/cyclingdestination.cc\\\/gpx-database\",\"url\":\"https:\\\/\\\/cyclingdestination.cc\\\/gpx-database\",\"name\":\"GPX-database - Cycling Destination\",\"isPartOf\":{\"@id\":\"https:\\\/\\\/cyclingdestination.cc\\\/#website\"},\"primaryImageOfPage\":{\"@id\":\"https:\\\/\\\/cyclingdestination.cc\\\/gpx-database#primaryimage\"},\"image\":{\"@id\":\"https:\\\/\\\/cyclingdestination.cc\\\/gpx-database#primaryimage\"},\"thumbnailUrl\":\"https:\\\/\\\/cyclingdestination.cc\\\/wp-content\\\/uploads\\\/2023\\\/05\\\/SJKF9033-scaled.webp\",\"datePublished\":\"2025-11-10T14:57:22+00:00\",\"dateModified\":\"2026-04-18T12:16:54+00:00\",\"description\":\"Linktree pagina voor CyclingDestination.cc met recente content over fietsvakanties, tips en meer. Linktree voor insta.\",\"breadcrumb\":{\"@id\":\"https:\\\/\\\/cyclingdestination.cc\\\/gpx-database#breadcrumb\"},\"inLanguage\":\"de\",\"potentialAction\":[{\"@type\":\"ReadAction\",\"target\":[\"https:\\\/\\\/cyclingdestination.cc\\\/gpx-database\"]}]},{\"@type\":\"ImageObject\",\"inLanguage\":\"de\",\"@id\":\"https:\\\/\\\/cyclingdestination.cc\\\/gpx-database#primaryimage\",\"url\":\"https:\\\/\\\/cyclingdestination.cc\\\/wp-content\\\/uploads\\\/2023\\\/05\\\/SJKF9033-scaled.webp\",\"contentUrl\":\"https:\\\/\\\/cyclingdestination.cc\\\/wp-content\\\/uploads\\\/2023\\\/05\\\/SJKF9033-scaled.webp\",\"width\":1080,\"height\":720},{\"@type\":\"BreadcrumbList\",\"@id\":\"https:\\\/\\\/cyclingdestination.cc\\\/gpx-database#breadcrumb\",\"itemListElement\":[{\"@type\":\"ListItem\",\"position\":1,\"name\":\"Home\",\"item\":\"https:\\\/\\\/cyclingdestination.cc\\\/\"},{\"@type\":\"ListItem\",\"position\":2,\"name\":\"GPX-database\"}]},{\"@type\":\"WebSite\",\"@id\":\"https:\\\/\\\/cyclingdestination.cc\\\/#website\",\"url\":\"https:\\\/\\\/cyclingdestination.cc\\\/\",\"name\":\"Cycling Destination\",\"description\":\"Inspiratie voor jouw volgende fietsavontuur\",\"publisher\":{\"@id\":\"https:\\\/\\\/cyclingdestination.cc\\\/#organization\"},\"potentialAction\":[{\"@type\":\"SearchAction\",\"target\":{\"@type\":\"EntryPoint\",\"urlTemplate\":\"https:\\\/\\\/cyclingdestination.cc\\\/?s={search_term_string}\"},\"query-input\":{\"@type\":\"PropertyValueSpecification\",\"valueRequired\":true,\"valueName\":\"search_term_string\"}}],\"inLanguage\":\"de\"},{\"@type\":\"Organization\",\"@id\":\"https:\\\/\\\/cyclingdestination.cc\\\/#organization\",\"name\":\"Cycling Destination\",\"url\":\"https:\\\/\\\/cyclingdestination.cc\\\/\",\"logo\":{\"@type\":\"ImageObject\",\"inLanguage\":\"de\",\"@id\":\"https:\\\/\\\/cyclingdestination.cc\\\/#\\\/schema\\\/logo\\\/image\\\/\",\"url\":\"https:\\\/\\\/cyclingdestination.cc\\\/wp-content\\\/uploads\\\/2022\\\/01\\\/cyclingdestination_logo_RGB_zwart_vDEF-1.png\",\"contentUrl\":\"https:\\\/\\\/cyclingdestination.cc\\\/wp-content\\\/uploads\\\/2022\\\/01\\\/cyclingdestination_logo_RGB_zwart_vDEF-1.png\",\"width\":2550,\"height\":814,\"caption\":\"Cycling Destination\"},\"image\":{\"@id\":\"https:\\\/\\\/cyclingdestination.cc\\\/#\\\/schema\\\/logo\\\/image\\\/\"},\"sameAs\":[\"https:\\\/\\\/www.facebook.com\\\/cyclingdestination.cc\",\"https:\\\/\\\/x.com\\\/cyclingdestin\",\"https:\\\/\\\/www.instagram.com\\\/cyclingdestination.cc\\\/\"]}]}<\/script>\n<!-- \/ Yoast SEO plugin. -->","yoast_head_json":{"title":"GPX-Datenbank - Radfahrziel","description":"Linktree-Seite f\u00fcr CyclingDestination.cc mit aktuellen Inhalten zu Radreisen, Tipps und mehr. Linktree f\u00fcr Insta.","robots":{"index":"index","follow":"follow","max-snippet":"max-snippet:-1","max-image-preview":"max-image-preview:large","max-video-preview":"max-video-preview:-1"},"canonical":"https:\/\/cyclingdestination.cc\/de\/gpx-database\/","og_locale":"de_DE","og_type":"article","og_title":"GPX-database - Cycling Destination","og_description":"Linktree pagina voor CyclingDestination.cc met recente content over fietsvakanties, tips en meer. Linktree voor insta.","og_url":"https:\/\/cyclingdestination.cc\/de\/gpx-database\/","og_site_name":"Cycling Destination","article_publisher":"https:\/\/www.facebook.com\/cyclingdestination.cc","article_modified_time":"2026-04-18T12:16:54+00:00","og_image":[{"width":1080,"height":720,"url":"https:\/\/cyclingdestination.cc\/wp-content\/uploads\/2023\/05\/SJKF9033-scaled.webp","type":"image\/jpeg"}],"twitter_card":"summary_large_image","twitter_site":"@cyclingdestin","twitter_misc":{"Gesch\u00e4tzte Lesezeit":"4\u00a0Minuten"},"schema":{"@context":"https:\/\/schema.org","@graph":[{"@type":"WebPage","@id":"https:\/\/cyclingdestination.cc\/gpx-database","url":"https:\/\/cyclingdestination.cc\/gpx-database","name":"GPX-Datenbank - Radfahrziel","isPartOf":{"@id":"https:\/\/cyclingdestination.cc\/#website"},"primaryImageOfPage":{"@id":"https:\/\/cyclingdestination.cc\/gpx-database#primaryimage"},"image":{"@id":"https:\/\/cyclingdestination.cc\/gpx-database#primaryimage"},"thumbnailUrl":"https:\/\/cyclingdestination.cc\/wp-content\/uploads\/2023\/05\/SJKF9033-scaled.webp","datePublished":"2025-11-10T14:57:22+00:00","dateModified":"2026-04-18T12:16:54+00:00","description":"Linktree-Seite f\u00fcr CyclingDestination.cc mit aktuellen Inhalten zu Radreisen, Tipps und mehr. Linktree f\u00fcr Insta.","breadcrumb":{"@id":"https:\/\/cyclingdestination.cc\/gpx-database#breadcrumb"},"inLanguage":"de","potentialAction":[{"@type":"ReadAction","target":["https:\/\/cyclingdestination.cc\/gpx-database"]}]},{"@type":"ImageObject","inLanguage":"de","@id":"https:\/\/cyclingdestination.cc\/gpx-database#primaryimage","url":"https:\/\/cyclingdestination.cc\/wp-content\/uploads\/2023\/05\/SJKF9033-scaled.webp","contentUrl":"https:\/\/cyclingdestination.cc\/wp-content\/uploads\/2023\/05\/SJKF9033-scaled.webp","width":1080,"height":720},{"@type":"BreadcrumbList","@id":"https:\/\/cyclingdestination.cc\/gpx-database#breadcrumb","itemListElement":[{"@type":"ListItem","position":1,"name":"Home","item":"https:\/\/cyclingdestination.cc\/"},{"@type":"ListItem","position":2,"name":"GPX-database"}]},{"@type":"WebSite","@id":"https:\/\/cyclingdestination.cc\/#website","url":"https:\/\/cyclingdestination.cc\/","name":"Ziel Radfahren","description":"Inspiration f\u00fcr Ihr n\u00e4chstes Fahrradabenteuer","publisher":{"@id":"https:\/\/cyclingdestination.cc\/#organization"},"potentialAction":[{"@type":"SearchAction","target":{"@type":"EntryPoint","urlTemplate":"https:\/\/cyclingdestination.cc\/?s={search_term_string}"},"query-input":{"@type":"PropertyValueSpecification","valueRequired":true,"valueName":"search_term_string"}}],"inLanguage":"de"},{"@type":"Organization","@id":"https:\/\/cyclingdestination.cc\/#organization","name":"Ziel Radfahren","url":"https:\/\/cyclingdestination.cc\/","logo":{"@type":"ImageObject","inLanguage":"de","@id":"https:\/\/cyclingdestination.cc\/#\/schema\/logo\/image\/","url":"https:\/\/cyclingdestination.cc\/wp-content\/uploads\/2022\/01\/cyclingdestination_logo_RGB_zwart_vDEF-1.png","contentUrl":"https:\/\/cyclingdestination.cc\/wp-content\/uploads\/2022\/01\/cyclingdestination_logo_RGB_zwart_vDEF-1.png","width":2550,"height":814,"caption":"Cycling Destination"},"image":{"@id":"https:\/\/cyclingdestination.cc\/#\/schema\/logo\/image\/"},"sameAs":["https:\/\/www.facebook.com\/cyclingdestination.cc","https:\/\/x.com\/cyclingdestin","https:\/\/www.instagram.com\/cyclingdestination.cc\/"]}]}},"_links":{"self":[{"href":"https:\/\/cyclingdestination.cc\/de\/wp-json\/wp\/v2\/pages\/24929","targetHints":{"allow":["GET"]}}],"collection":[{"href":"https:\/\/cyclingdestination.cc\/de\/wp-json\/wp\/v2\/pages"}],"about":[{"href":"https:\/\/cyclingdestination.cc\/de\/wp-json\/wp\/v2\/types\/page"}],"author":[{"embeddable":true,"href":"https:\/\/cyclingdestination.cc\/de\/wp-json\/wp\/v2\/users\/1"}],"replies":[{"embeddable":true,"href":"https:\/\/cyclingdestination.cc\/de\/wp-json\/wp\/v2\/comments?post=24929"}],"version-history":[{"count":109,"href":"https:\/\/cyclingdestination.cc\/de\/wp-json\/wp\/v2\/pages\/24929\/revisions"}],"predecessor-version":[{"id":26471,"href":"https:\/\/cyclingdestination.cc\/de\/wp-json\/wp\/v2\/pages\/24929\/revisions\/26471"}],"wp:featuredmedia":[{"embeddable":true,"href":"https:\/\/cyclingdestination.cc\/de\/wp-json\/wp\/v2\/media\/11856"}],"wp:attachment":[{"href":"https:\/\/cyclingdestination.cc\/de\/wp-json\/wp\/v2\/media?parent=24929"}],"wp:term":[{"taxonomy":"category","embeddable":true,"href":"https:\/\/cyclingdestination.cc\/de\/wp-json\/wp\/v2\/categories?post=24929"},{"taxonomy":"post_tag","embeddable":true,"href":"https:\/\/cyclingdestination.cc\/de\/wp-json\/wp\/v2\/tags?post=24929"}],"curies":[{"name":"wp","href":"https:\/\/api.w.org\/{rel}","templated":true}]}}