{"id":8279,"date":"2022-08-22T12:48:20","date_gmt":"2022-08-22T10:48:20","guid":{"rendered":"https:\/\/cyclingdestination.cc\/?page_id=8279"},"modified":"2024-06-13T11:32:30","modified_gmt":"2024-06-13T09:32:30","slug":"linktree","status":"publish","type":"page","link":"https:\/\/cyclingdestination.cc\/de\/linktree","title":{"rendered":"Linktree"},"content":{"rendered":"<div data-elementor-type=\"wp-page\" data-elementor-id=\"8279\" class=\"elementor elementor-8279\" data-elementor-post-type=\"page\">\n\t\t\t\t<div class=\"elementor-element elementor-element-bcc9536 e-flex e-con-boxed e-con e-parent\" data-id=\"bcc9536\" data-element_type=\"container\" data-e-type=\"container\">\n\t\t\t\t\t<div class=\"e-con-inner\">\n\t\t\t\t<div class=\"elementor-element elementor-element-7d05c48 elementor-align-center elementor-widget elementor-widget-button\" data-id=\"7d05c48\" data-element_type=\"widget\" data-e-type=\"widget\" data-widget_type=\"button.default\">\n\t\t\t\t<div class=\"elementor-widget-container\">\n\t\t\t\t\t\t\t\t\t<div class=\"elementor-button-wrapper\">\n\t\t\t\t\t<a class=\"elementor-button elementor-button-link elementor-size-sm\" href=\"https:\/\/cyclingdestination.cc\/de\/tips\/schoenplaatjes-en-pedalen-wat-moet-ik-nu-kiezen\">\n\t\t\t\t\t\t<span class=\"elementor-button-content-wrapper\">\n\t\t\t\t\t\t\t\t\t<span class=\"elementor-button-text\">Schuhplatten und Pedale - was brauche ich?<\/span>\n\t\t\t\t\t<\/span>\n\t\t\t\t\t<\/a>\n\t\t\t\t<\/div>\n\t\t\t\t\t\t\t\t<\/div>\n\t\t\t\t<\/div>\n\t\t\t\t<div class=\"elementor-element elementor-element-139190e elementor-align-center elementor-widget elementor-widget-button\" data-id=\"139190e\" data-element_type=\"widget\" data-e-type=\"widget\" data-widget_type=\"button.default\">\n\t\t\t\t<div class=\"elementor-widget-container\">\n\t\t\t\t\t\t\t\t\t<div class=\"elementor-button-wrapper\">\n\t\t\t\t\t<a class=\"elementor-button elementor-button-link elementor-size-sm\" href=\"https:\/\/cyclingdestination.cc\/de\/materiaal\/tandje-erbij-een-uitleg-over-schakelen-en-schakelgroepen\">\n\t\t\t\t\t\t<span class=\"elementor-button-content-wrapper\">\n\t\t\t\t\t\t\t\t\t<span class=\"elementor-button-text\">Schaltungsgruppen - Erkl\u00e4rung und Unterschied Shimano - Sram - Campagnolo<\/span>\n\t\t\t\t\t<\/span>\n\t\t\t\t\t<\/a>\n\t\t\t\t<\/div>\n\t\t\t\t\t\t\t\t<\/div>\n\t\t\t\t<\/div>\n\t\t\t\t<div class=\"elementor-element elementor-element-75e6872 elementor-align-center elementor-widget elementor-widget-button\" data-id=\"75e6872\" data-element_type=\"widget\" data-e-type=\"widget\" data-widget_type=\"button.default\">\n\t\t\t\t<div class=\"elementor-widget-container\">\n\t\t\t\t\t\t\t\t\t<div class=\"elementor-button-wrapper\">\n\t\t\t\t\t<a class=\"elementor-button elementor-button-link elementor-size-sm\" href=\"https:\/\/cyclingdestination.cc\/de\/verhalen\/gravelen-in-de-achterhoek-de-hit-van-2022\">\n\t\t\t\t\t\t<span class=\"elementor-button-content-wrapper\">\n\t\t\t\t\t\t\t\t\t<span class=\"elementor-button-text\">Graben in der Achterhoek<\/span>\n\t\t\t\t\t<\/span>\n\t\t\t\t\t<\/a>\n\t\t\t\t<\/div>\n\t\t\t\t\t\t\t\t<\/div>\n\t\t\t\t<\/div>\n\t\t\t\t<div class=\"elementor-element elementor-element-e457035 elementor-align-center elementor-widget elementor-widget-button\" data-id=\"e457035\" data-element_type=\"widget\" data-e-type=\"widget\" data-widget_type=\"button.default\">\n\t\t\t\t<div class=\"elementor-widget-container\">\n\t\t\t\t\t\t\t\t\t<div class=\"elementor-button-wrapper\">\n\t\t\t\t\t<a class=\"elementor-button elementor-button-link elementor-size-sm\" href=\"https:\/\/cyclingdestination.cc\/de\/verhalen\/turkije-als-nieuwste-fietsbestemming\">\n\t\t\t\t\t\t<span class=\"elementor-button-content-wrapper\">\n\t\t\t\t\t\t\t\t\t<span class=\"elementor-button-text\">T\u00fcrkei neues Fahrradziel<\/span>\n\t\t\t\t\t<\/span>\n\t\t\t\t\t<\/a>\n\t\t\t\t<\/div>\n\t\t\t\t\t\t\t\t<\/div>\n\t\t\t\t<\/div>\n\t\t\t\t<div class=\"elementor-element elementor-element-9125c90 elementor-align-center elementor-widget elementor-widget-button\" data-id=\"9125c90\" data-element_type=\"widget\" data-e-type=\"widget\" data-widget_type=\"button.default\">\n\t\t\t\t<div class=\"elementor-widget-container\">\n\t\t\t\t\t\t\t\t\t<div class=\"elementor-button-wrapper\">\n\t\t\t\t\t<a class=\"elementor-button elementor-button-link elementor-size-sm\" href=\"https:\/\/cyclingdestination.cc\/de\/verhalen\/fietsroute-in-drenthe-ode-aan-de-drentsche-dorpen\">\n\t\t\t\t\t\t<span class=\"elementor-button-content-wrapper\">\n\t\t\t\t\t\t\t\t\t<span class=\"elementor-button-text\">Ode an die D\u00f6rfer von Drenthe<\/span>\n\t\t\t\t\t<\/span>\n\t\t\t\t\t<\/a>\n\t\t\t\t<\/div>\n\t\t\t\t\t\t\t\t<\/div>\n\t\t\t\t<\/div>\n\t\t\t\t<div class=\"elementor-element elementor-element-ce8e067 elementor-align-center elementor-widget elementor-widget-button\" data-id=\"ce8e067\" data-element_type=\"widget\" data-e-type=\"widget\" data-widget_type=\"button.default\">\n\t\t\t\t<div class=\"elementor-widget-container\">\n\t\t\t\t\t\t\t\t\t<div class=\"elementor-button-wrapper\">\n\t\t\t\t\t<a class=\"elementor-button elementor-button-link elementor-size-sm\" href=\"https:\/\/cyclingdestination.cc\/de\/tips\/indoor-trainen-als-voorbereiding-op-jouw-fietsvakantie\">\n\t\t\t\t\t\t<span class=\"elementor-button-content-wrapper\">\n\t\t\t\t\t\t\t\t\t<span class=\"elementor-button-text\">Indoor-Training zur Vorbereitung auf Ihr Fahrradabenteuer<\/span>\n\t\t\t\t\t<\/span>\n\t\t\t\t\t<\/a>\n\t\t\t\t<\/div>\n\t\t\t\t\t\t\t\t<\/div>\n\t\t\t\t<\/div>\n\t\t\t\t<div class=\"elementor-element elementor-element-81e6f21 elementor-align-center elementor-widget elementor-widget-button\" data-id=\"81e6f21\" data-element_type=\"widget\" data-e-type=\"widget\" data-widget_type=\"button.default\">\n\t\t\t\t<div class=\"elementor-widget-container\">\n\t\t\t\t\t\t\t\t\t<div class=\"elementor-button-wrapper\">\n\t\t\t\t\t<a class=\"elementor-button elementor-button-link elementor-size-sm\" href=\"https:\/\/cyclingdestination.cc\/de\/tips\/10-zonnige-fietsbestemmingen-voor-een-mooie-herfstvakantie\">\n\t\t\t\t\t\t<span class=\"elementor-button-content-wrapper\">\n\t\t\t\t\t\t\t\t\t<span class=\"elementor-button-text\">10 Tipps f\u00fcr Ihren Radurlaub im Herbst<\/span>\n\t\t\t\t\t<\/span>\n\t\t\t\t\t<\/a>\n\t\t\t\t<\/div>\n\t\t\t\t\t\t\t\t<\/div>\n\t\t\t\t<\/div>\n\t\t\t\t<div class=\"elementor-element elementor-element-a6f3604 elementor-align-center elementor-widget elementor-widget-button\" data-id=\"a6f3604\" data-element_type=\"widget\" data-e-type=\"widget\" data-widget_type=\"button.default\">\n\t\t\t\t<div class=\"elementor-widget-container\">\n\t\t\t\t\t\t\t\t\t<div class=\"elementor-button-wrapper\">\n\t\t\t\t\t<a class=\"elementor-button elementor-button-link elementor-size-sm\" href=\"https:\/\/cyclingdestination.cc\/de\/verhalen\/10-prachtige-fietsroutes-in-engeland\">\n\t\t\t\t\t\t<span class=\"elementor-button-content-wrapper\">\n\t\t\t\t\t\t\t\t\t<span class=\"elementor-button-text\">10 Tipps f\u00fcr Routen in England<\/span>\n\t\t\t\t\t<\/span>\n\t\t\t\t\t<\/a>\n\t\t\t\t<\/div>\n\t\t\t\t\t\t\t\t<\/div>\n\t\t\t\t<\/div>\n\t\t\t\t<div class=\"elementor-element elementor-element-77ff0dc elementor-align-center elementor-widget elementor-widget-button\" data-id=\"77ff0dc\" data-element_type=\"widget\" data-e-type=\"widget\" data-widget_type=\"button.default\">\n\t\t\t\t<div class=\"elementor-widget-container\">\n\t\t\t\t\t\t\t\t\t<div class=\"elementor-button-wrapper\">\n\t\t\t\t\t<a class=\"elementor-button elementor-button-link elementor-size-sm\" href=\"https:\/\/cyclingdestination.cc\/de\/materiaal\/terugroepactie-shimano-11-speed-hollowtech-ii-crankstellen\">\n\t\t\t\t\t\t<span class=\"elementor-button-content-wrapper\">\n\t\t\t\t\t\t\t\t\t<span class=\"elementor-button-text\">SHIMANO HOLLOWTECH II R\u00dcCKRUFAKTION<\/span>\n\t\t\t\t\t<\/span>\n\t\t\t\t\t<\/a>\n\t\t\t\t<\/div>\n\t\t\t\t\t\t\t\t<\/div>\n\t\t\t\t<\/div>\n\t\t\t\t<div class=\"elementor-element elementor-element-8971c8b elementor-align-center elementor-widget elementor-widget-button\" data-id=\"8971c8b\" data-element_type=\"widget\" data-e-type=\"widget\" data-widget_type=\"button.default\">\n\t\t\t\t<div class=\"elementor-widget-container\">\n\t\t\t\t\t\t\t\t\t<div class=\"elementor-button-wrapper\">\n\t\t\t\t\t<a class=\"elementor-button elementor-button-link elementor-size-sm\" href=\"https:\/\/cyclingdestination.cc\/de\/verhalen\/gravel-met-locals-in-toscane-crete-senesi\">\n\t\t\t\t\t\t<span class=\"elementor-button-content-wrapper\">\n\t\t\t\t\t\t\t\t\t<span class=\"elementor-button-text\">Schottern in der Toskana mit Einheimischen - Crete Senesi<\/span>\n\t\t\t\t\t<\/span>\n\t\t\t\t\t<\/a>\n\t\t\t\t<\/div>\n\t\t\t\t\t\t\t\t<\/div>\n\t\t\t\t<\/div>\n\t\t\t\t<div class=\"elementor-element elementor-element-38c1009 elementor-align-center elementor-widget elementor-widget-button\" data-id=\"38c1009\" data-element_type=\"widget\" data-e-type=\"widget\" data-widget_type=\"button.default\">\n\t\t\t\t<div class=\"elementor-widget-container\">\n\t\t\t\t\t\t\t\t\t<div class=\"elementor-button-wrapper\">\n\t\t\t\t\t<a class=\"elementor-button elementor-button-link elementor-size-sm\" href=\"https:\/\/cyclingdestination.cc\/de\/verhalen\/in-het-spoor-van-de-tour-op-detour-door-denemarken\">\n\t\t\t\t\t\t<span class=\"elementor-button-content-wrapper\">\n\t\t\t\t\t\t\t\t\t<span class=\"elementor-button-text\">Umweg D\u00e4nemark: auf den Spuren der Tour<\/span>\n\t\t\t\t\t<\/span>\n\t\t\t\t\t<\/a>\n\t\t\t\t<\/div>\n\t\t\t\t\t\t\t\t<\/div>\n\t\t\t\t<\/div>\n\t\t\t\t<div class=\"elementor-element elementor-element-86ede9f elementor-align-center elementor-widget elementor-widget-button\" data-id=\"86ede9f\" data-element_type=\"widget\" data-e-type=\"widget\" data-widget_type=\"button.default\">\n\t\t\t\t<div class=\"elementor-widget-container\">\n\t\t\t\t\t\t\t\t\t<div class=\"elementor-button-wrapper\">\n\t\t\t\t\t<a class=\"elementor-button elementor-button-link elementor-size-sm\" href=\"https:\/\/cyclingdestination.cc\/de\/verhalen\/waarom-jij-de-alpine-panorama-route-moet-fietsen-in-zwitserland\">\n\t\t\t\t\t\t<span class=\"elementor-button-content-wrapper\">\n\t\t\t\t\t\t\t\t\t<span class=\"elementor-button-text\">Alpenpanorama-Route<\/span>\n\t\t\t\t\t<\/span>\n\t\t\t\t\t<\/a>\n\t\t\t\t<\/div>\n\t\t\t\t\t\t\t\t<\/div>\n\t\t\t\t<\/div>\n\t\t\t\t<div class=\"elementor-element elementor-element-d50b06f elementor-align-center elementor-widget elementor-widget-button\" data-id=\"d50b06f\" data-element_type=\"widget\" data-e-type=\"widget\" data-widget_type=\"button.default\">\n\t\t\t\t<div class=\"elementor-widget-container\">\n\t\t\t\t\t\t\t\t\t<div class=\"elementor-button-wrapper\">\n\t\t\t\t\t<a class=\"elementor-button elementor-button-link elementor-size-sm\" href=\"https:\/\/cyclingdestination.cc\/de\/verhalen\/spanje\/baskenland\/grand-depart-baskenland-van-hoofdstad-vitoria-gasteiz-naar-san-sebastian\/\">\n\t\t\t\t\t\t<span class=\"elementor-button-content-wrapper\">\n\t\t\t\t\t\t\t\t\t<span class=\"elementor-button-text\">Grand Depart Baskenland: Etappe 2<\/span>\n\t\t\t\t\t<\/span>\n\t\t\t\t\t<\/a>\n\t\t\t\t<\/div>\n\t\t\t\t\t\t\t\t<\/div>\n\t\t\t\t<\/div>\n\t\t\t\t<div class=\"elementor-element elementor-element-1b28436 elementor-align-center elementor-widget elementor-widget-button\" data-id=\"1b28436\" data-element_type=\"widget\" data-e-type=\"widget\" data-widget_type=\"button.default\">\n\t\t\t\t<div class=\"elementor-widget-container\">\n\t\t\t\t\t\t\t\t\t<div class=\"elementor-button-wrapper\">\n\t\t\t\t\t<a class=\"elementor-button elementor-button-link elementor-size-sm\" href=\"https:\/\/cyclingdestination.cc\/de\/verhalen\/zwitserland\/barrage-de-moiry-machtige-mooi-klimmen-rondom-crans-montana\/\">\n\t\t\t\t\t\t<span class=\"elementor-button-content-wrapper\">\n\t\t\t\t\t\t\t\t\t<span class=\"elementor-button-text\">Crans-Montana: Barrage de Moiry<\/span>\n\t\t\t\t\t<\/span>\n\t\t\t\t\t<\/a>\n\t\t\t\t<\/div>\n\t\t\t\t\t\t\t\t<\/div>\n\t\t\t\t<\/div>\n\t\t\t\t<div class=\"elementor-element elementor-element-874c933 elementor-align-center elementor-widget elementor-widget-button\" data-id=\"874c933\" data-element_type=\"widget\" data-e-type=\"widget\" data-widget_type=\"button.default\">\n\t\t\t\t<div class=\"elementor-widget-container\">\n\t\t\t\t\t\t\t\t\t<div class=\"elementor-button-wrapper\">\n\t\t\t\t\t<a class=\"elementor-button elementor-button-link elementor-size-sm\" href=\"https:\/\/cyclingdestination.cc\/de\/verhalen\/rondje-baskenland-grand-depart-deel-i\/\">\n\t\t\t\t\t\t<span class=\"elementor-button-content-wrapper\">\n\t\t\t\t\t\t\t\t\t<span class=\"elementor-button-text\">Grand Depart Baskenland: Etappe 1<\/span>\n\t\t\t\t\t<\/span>\n\t\t\t\t\t<\/a>\n\t\t\t\t<\/div>\n\t\t\t\t\t\t\t\t<\/div>\n\t\t\t\t<\/div>\n\t\t\t\t<div class=\"elementor-element elementor-element-a4ce648 elementor-align-center elementor-widget elementor-widget-button\" data-id=\"a4ce648\" data-element_type=\"widget\" data-e-type=\"widget\" data-widget_type=\"button.default\">\n\t\t\t\t<div class=\"elementor-widget-container\">\n\t\t\t\t\t\t\t\t\t<div class=\"elementor-button-wrapper\">\n\t\t\t\t\t<a class=\"elementor-button elementor-button-link elementor-size-sm\" href=\"https:\/\/cyclingdestination.cc\/de\/verhalen\/freiburg-ideaal-basecamp-in-het-zwarte-woud\/\">\n\t\t\t\t\t\t<span class=\"elementor-button-content-wrapper\">\n\t\t\t\t\t\t\t\t\t<span class=\"elementor-button-text\">BaseCamp Freiburg<\/span>\n\t\t\t\t\t<\/span>\n\t\t\t\t\t<\/a>\n\t\t\t\t<\/div>\n\t\t\t\t\t\t\t\t<\/div>\n\t\t\t\t<\/div>\n\t\t\t\t<div class=\"elementor-element elementor-element-44ad50e elementor-align-center elementor-widget elementor-widget-button\" data-id=\"44ad50e\" data-element_type=\"widget\" data-e-type=\"widget\" data-widget_type=\"button.default\">\n\t\t\t\t<div class=\"elementor-widget-container\">\n\t\t\t\t\t\t\t\t\t<div class=\"elementor-button-wrapper\">\n\t\t\t\t\t<a class=\"elementor-button elementor-button-link elementor-size-sm\" href=\"https:\/\/cyclingdestination.cc\/de\/verhalen\/fietsen-op-funen-op-pad-met-andrea-en-maks-deel-3\/\">\n\t\t\t\t\t\t<span class=\"elementor-button-content-wrapper\">\n\t\t\t\t\t\t\t\t\t<span class=\"elementor-button-text\">Radfahren auf F\u00fcnen Teil 3<\/span>\n\t\t\t\t\t<\/span>\n\t\t\t\t\t<\/a>\n\t\t\t\t<\/div>\n\t\t\t\t\t\t\t\t<\/div>\n\t\t\t\t<\/div>\n\t\t\t\t<div class=\"elementor-element elementor-element-b431c03 elementor-align-center elementor-widget elementor-widget-button\" data-id=\"b431c03\" data-element_type=\"widget\" data-e-type=\"widget\" data-widget_type=\"button.default\">\n\t\t\t\t<div class=\"elementor-widget-container\">\n\t\t\t\t\t\t\t\t\t<div class=\"elementor-button-wrapper\">\n\t\t\t\t\t<a class=\"elementor-button elementor-button-link elementor-size-sm\" href=\"https:\/\/cyclingdestination.cc\/de\/verhalen\/herregardsruten-fietsen-op-funen\/\">\n\t\t\t\t\t\t<span class=\"elementor-button-content-wrapper\">\n\t\t\t\t\t\t\t\t\t<span class=\"elementor-button-text\">Radfahren auf F\u00fcnen Teil 2: Unterwegs mit Andrea und Maks<\/span>\n\t\t\t\t\t<\/span>\n\t\t\t\t\t<\/a>\n\t\t\t\t<\/div>\n\t\t\t\t\t\t\t\t<\/div>\n\t\t\t\t<\/div>\n\t\t\t\t<div class=\"elementor-element elementor-element-ab619da elementor-align-center elementor-widget elementor-widget-button\" data-id=\"ab619da\" data-element_type=\"widget\" data-e-type=\"widget\" data-widget_type=\"button.default\">\n\t\t\t\t<div class=\"elementor-widget-container\">\n\t\t\t\t\t\t\t\t\t<div class=\"elementor-button-wrapper\">\n\t\t\t\t\t<a class=\"elementor-button elementor-button-link elementor-size-sm\" href=\"https:\/\/cyclingdestination.cc\/de\/verhalen\/frankrijk\/haute-savoie-dichterbij-de-fietshemel-kan-haast-niet\/\">\n\t\t\t\t\t\t<span class=\"elementor-button-content-wrapper\">\n\t\t\t\t\t\t\t\t\t<span class=\"elementor-button-text\">Radfahren in Hochsavoyen<\/span>\n\t\t\t\t\t<\/span>\n\t\t\t\t\t<\/a>\n\t\t\t\t<\/div>\n\t\t\t\t\t\t\t\t<\/div>\n\t\t\t\t<\/div>\n\t\t\t\t<div class=\"elementor-element elementor-element-0fa8672 elementor-align-center elementor-widget elementor-widget-button\" data-id=\"0fa8672\" data-element_type=\"widget\" data-e-type=\"widget\" data-widget_type=\"button.default\">\n\t\t\t\t<div class=\"elementor-widget-container\">\n\t\t\t\t\t\t\t\t\t<div class=\"elementor-button-wrapper\">\n\t\t\t\t\t<a class=\"elementor-button elementor-button-link elementor-size-sm\" href=\"https:\/\/cyclingdestination.cc\/de\/tips\/fietskleding-gids-voor-de-winter\/\">\n\t\t\t\t\t\t<span class=\"elementor-button-content-wrapper\">\n\t\t\t\t\t\t\t\t\t<span class=\"elementor-button-text\">\u2744\ufe0fWinter radbekleidung gids\u2744\ufe0f<\/span>\n\t\t\t\t\t<\/span>\n\t\t\t\t\t<\/a>\n\t\t\t\t<\/div>\n\t\t\t\t\t\t\t\t<\/div>\n\t\t\t\t<\/div>\n\t\t\t\t<div class=\"elementor-element elementor-element-5ba7572 elementor-widget elementor-widget-heading\" data-id=\"5ba7572\" data-element_type=\"widget\" data-e-type=\"widget\" data-widget_type=\"heading.default\">\n\t\t\t\t<div class=\"elementor-widget-container\">\n\t\t\t\t\t<h2 class=\"elementor-heading-title elementor-size-default\">RADFAHRZIEL GENEHMIGT<\/h2>\t\t\t\t<\/div>\n\t\t\t\t<\/div>\n\t\t\t\t<div class=\"elementor-element elementor-element-71e5cd5 elementor-align-center elementor-widget elementor-widget-button\" data-id=\"71e5cd5\" data-element_type=\"widget\" data-e-type=\"widget\" data-widget_type=\"button.default\">\n\t\t\t\t<div class=\"elementor-widget-container\">\n\t\t\t\t\t\t\t\t\t<div class=\"elementor-button-wrapper\">\n\t\t\t\t\t<a class=\"elementor-button elementor-button-link elementor-size-sm\" href=\"https:\/\/cyclingdestination.cc\/de\/cycling-destination-approved\/cycling-destination-approved-centre-mondial-du-cyclisme-aigle\">\n\t\t\t\t\t\t<span class=\"elementor-button-content-wrapper\">\n\t\t\t\t\t\t\t\t\t<span class=\"elementor-button-text\">CMC - Aigle - Gepr\u00fcftes Radreiseziel <\/span>\n\t\t\t\t\t<\/span>\n\t\t\t\t\t<\/a>\n\t\t\t\t<\/div>\n\t\t\t\t\t\t\t\t<\/div>\n\t\t\t\t<\/div>\n\t\t\t\t<div class=\"elementor-element elementor-element-6271705 elementor-align-center elementor-widget elementor-widget-button\" data-id=\"6271705\" data-element_type=\"widget\" data-e-type=\"widget\" data-widget_type=\"button.default\">\n\t\t\t\t<div class=\"elementor-widget-container\">\n\t\t\t\t\t\t\t\t\t<div class=\"elementor-button-wrapper\">\n\t\t\t\t\t<a class=\"elementor-button elementor-button-link elementor-size-sm\" href=\"https:\/\/cyclingdestination.cc\/de\/cycling-destination-approved\/fietscafe-de-proloog-in-amerongen-cycling-destination-approved\">\n\t\t\t\t\t\t<span class=\"elementor-button-content-wrapper\">\n\t\t\t\t\t\t\t\t\t<span class=\"elementor-button-text\">DER PROLOG Amerongen<\/span>\n\t\t\t\t\t<\/span>\n\t\t\t\t\t<\/a>\n\t\t\t\t<\/div>\n\t\t\t\t\t\t\t\t<\/div>\n\t\t\t\t<\/div>\n\t\t\t\t<div class=\"elementor-element elementor-element-35fb80b elementor-align-center elementor-widget elementor-widget-button\" data-id=\"35fb80b\" data-element_type=\"widget\" data-e-type=\"widget\" data-widget_type=\"button.default\">\n\t\t\t\t<div class=\"elementor-widget-container\">\n\t\t\t\t\t\t\t\t\t<div class=\"elementor-button-wrapper\">\n\t\t\t\t\t<a class=\"elementor-button elementor-button-link elementor-size-sm\" href=\"https:\/\/cyclingdestination.cc\/de\/cycling-destination-approved\/flandrien-hotel-cycling-destination-approved\/\">\n\t\t\t\t\t\t<span class=\"elementor-button-content-wrapper\">\n\t\t\t\t\t\t\t\t\t<span class=\"elementor-button-text\">Flandrien Hotel: Gepr\u00fcftes Radfahrziel<\/span>\n\t\t\t\t\t<\/span>\n\t\t\t\t\t<\/a>\n\t\t\t\t<\/div>\n\t\t\t\t\t\t\t\t<\/div>\n\t\t\t\t<\/div>\n\t\t\t\t<div class=\"elementor-element elementor-element-e169955 elementor-align-center elementor-widget elementor-widget-button\" data-id=\"e169955\" data-element_type=\"widget\" data-e-type=\"widget\" data-widget_type=\"button.default\">\n\t\t\t\t<div class=\"elementor-widget-container\">\n\t\t\t\t\t\t\t\t\t<div class=\"elementor-button-wrapper\">\n\t\t\t\t\t<a class=\"elementor-button elementor-button-link elementor-size-sm\" href=\"https:\/\/cyclingdestination.cc\/de\/cycling-destination-approved\/cycling-destination-approved-tete-de-course\/\">\n\t\t\t\t\t\t<span class=\"elementor-button-content-wrapper\">\n\t\t\t\t\t\t\t\t\t<span class=\"elementor-button-text\">Gepr\u00fcftes Radfahrziel: T\u00eate de Course<\/span>\n\t\t\t\t\t<\/span>\n\t\t\t\t\t<\/a>\n\t\t\t\t<\/div>\n\t\t\t\t\t\t\t\t<\/div>\n\t\t\t\t<\/div>\n\t\t\t\t<div class=\"elementor-element elementor-element-deea556 elementor-widget elementor-widget-heading\" data-id=\"deea556\" data-element_type=\"widget\" data-e-type=\"widget\" data-widget_type=\"heading.default\">\n\t\t\t\t<div class=\"elementor-widget-container\">\n\t\t\t\t\t<h2 class=\"elementor-heading-title elementor-size-default\">KIESEL<\/h2>\t\t\t\t<\/div>\n\t\t\t\t<\/div>\n\t\t\t\t<div class=\"elementor-element elementor-element-887120c elementor-align-center elementor-widget elementor-widget-button\" data-id=\"887120c\" data-element_type=\"widget\" data-e-type=\"widget\" data-widget_type=\"button.default\">\n\t\t\t\t<div class=\"elementor-widget-container\">\n\t\t\t\t\t\t\t\t\t<div class=\"elementor-button-wrapper\">\n\t\t\t\t\t<a class=\"elementor-button elementor-button-link elementor-size-sm\" href=\"https:\/\/cyclingdestination.cc\/de\/verhalen\/shimano-ultegra-series-ardennen\/\">\n\t\t\t\t\t\t<span class=\"elementor-button-content-wrapper\">\n\t\t\t\t\t\t\t\t\t<span class=\"elementor-button-text\">Shimano Ultegra Serie: Ardennen<\/span>\n\t\t\t\t\t<\/span>\n\t\t\t\t\t<\/a>\n\t\t\t\t<\/div>\n\t\t\t\t\t\t\t\t<\/div>\n\t\t\t\t<\/div>\n\t\t\t\t<div class=\"elementor-element elementor-element-3b947f7 elementor-align-center elementor-widget elementor-widget-button\" data-id=\"3b947f7\" data-element_type=\"widget\" data-e-type=\"widget\" data-widget_type=\"button.default\">\n\t\t\t\t<div class=\"elementor-widget-container\">\n\t\t\t\t\t\t\t\t\t<div class=\"elementor-button-wrapper\">\n\t\t\t\t\t<a class=\"elementor-button elementor-button-link elementor-size-sm\" href=\"https:\/\/cyclingdestination.cc\/de\/gravel\/gravel-in-west-zeeuws-vlaanderen\">\n\t\t\t\t\t\t<span class=\"elementor-button-content-wrapper\">\n\t\t\t\t\t\t\t\t\t<span class=\"elementor-button-text\">Graben in West Zeeland Flandern<\/span>\n\t\t\t\t\t<\/span>\n\t\t\t\t\t<\/a>\n\t\t\t\t<\/div>\n\t\t\t\t\t\t\t\t<\/div>\n\t\t\t\t<\/div>\n\t\t\t\t<div class=\"elementor-element elementor-element-ca0d8d9 elementor-align-center elementor-widget elementor-widget-button\" data-id=\"ca0d8d9\" data-element_type=\"widget\" data-e-type=\"widget\" data-widget_type=\"button.default\">\n\t\t\t\t<div class=\"elementor-widget-container\">\n\t\t\t\t\t\t\t\t\t<div class=\"elementor-button-wrapper\">\n\t\t\t\t\t<a class=\"elementor-button elementor-button-link elementor-size-sm\" href=\"https:\/\/cyclingdestination.cc\/de\/gravel\/waarom-jij-moet-gravelen-in-angers-tijdens-nature-is-bike\/\">\n\t\t\t\t\t\t<span class=\"elementor-button-content-wrapper\">\n\t\t\t\t\t\t\t\t\t<span class=\"elementor-button-text\">Natur ist Fahrrad: Schotterveranstaltung Angers<\/span>\n\t\t\t\t\t<\/span>\n\t\t\t\t\t<\/a>\n\t\t\t\t<\/div>\n\t\t\t\t\t\t\t\t<\/div>\n\t\t\t\t<\/div>\n\t\t\t\t<div class=\"elementor-element elementor-element-e5dd073 elementor-align-center elementor-widget elementor-widget-button\" data-id=\"e5dd073\" data-element_type=\"widget\" data-e-type=\"widget\" data-widget_type=\"button.default\">\n\t\t\t\t<div class=\"elementor-widget-container\">\n\t\t\t\t\t\t\t\t\t<div class=\"elementor-button-wrapper\">\n\t\t\t\t\t<a class=\"elementor-button elementor-button-link elementor-size-sm\" href=\"https:\/\/cyclingdestination.cc\/de\/verhalen\/gravelen-over-het-kroondomein-shimano-grx-series\/\">\n\t\t\t\t\t\t<span class=\"elementor-button-content-wrapper\">\n\t\t\t\t\t\t\t\t\t<span class=\"elementor-button-text\">Shimano GRX Serie: Kronenbereich<\/span>\n\t\t\t\t\t<\/span>\n\t\t\t\t\t<\/a>\n\t\t\t\t<\/div>\n\t\t\t\t\t\t\t\t<\/div>\n\t\t\t\t<\/div>\n\t\t\t\t<div class=\"elementor-element elementor-element-58d1174 elementor-align-center elementor-widget elementor-widget-button\" data-id=\"58d1174\" data-element_type=\"widget\" data-e-type=\"widget\" data-widget_type=\"button.default\">\n\t\t\t\t<div class=\"elementor-widget-container\">\n\t\t\t\t\t\t\t\t\t<div class=\"elementor-button-wrapper\">\n\t\t\t\t\t<a class=\"elementor-button elementor-button-link elementor-size-sm\" href=\"https:\/\/cyclingdestination.cc\/de\/verhalen\/grunnings-gravel-en-meer-grx-en-ultegra-series\/\">\n\t\t\t\t\t\t<span class=\"elementor-button-content-wrapper\">\n\t\t\t\t\t\t\t\t\t<span class=\"elementor-button-text\">Shimano GRX-Serie: Groningen<\/span>\n\t\t\t\t\t<\/span>\n\t\t\t\t\t<\/a>\n\t\t\t\t<\/div>\n\t\t\t\t\t\t\t\t<\/div>\n\t\t\t\t<\/div>\n\t\t\t\t<div class=\"elementor-element elementor-element-a2763f2 elementor-align-center elementor-widget elementor-widget-button\" data-id=\"a2763f2\" data-element_type=\"widget\" data-e-type=\"widget\" data-widget_type=\"button.default\">\n\t\t\t\t<div class=\"elementor-widget-container\">\n\t\t\t\t\t\t\t\t\t<div class=\"elementor-button-wrapper\">\n\t\t\t\t\t<a class=\"elementor-button elementor-button-link elementor-size-sm\" href=\"https:\/\/cyclingdestination.cc\/de\/verhalen\/spanje\/fietsen-in-roquetas-de-mar-van-alboranzee-tot-plastic-zee\/\">\n\t\t\t\t\t\t<span class=\"elementor-button-content-wrapper\">\n\t\t\t\t\t\t\t\t\t<span class=\"elementor-button-text\">Roquetas de Mar<\/span>\n\t\t\t\t\t<\/span>\n\t\t\t\t\t<\/a>\n\t\t\t\t<\/div>\n\t\t\t\t\t\t\t\t<\/div>\n\t\t\t\t<\/div>\n\t\t\t\t<div class=\"elementor-element elementor-element-f970ea4 elementor-widget elementor-widget-heading\" data-id=\"f970ea4\" data-element_type=\"widget\" data-e-type=\"widget\" data-widget_type=\"heading.default\">\n\t\t\t\t<div class=\"elementor-widget-container\">\n\t\t\t\t\t<h2 class=\"elementor-heading-title elementor-size-default\">RADFAHRANF\u00c4NGER<\/h2>\t\t\t\t<\/div>\n\t\t\t\t<\/div>\n\t\t\t\t<div class=\"elementor-element elementor-element-c6d67b4 elementor-align-center elementor-widget elementor-widget-button\" data-id=\"c6d67b4\" data-element_type=\"widget\" data-e-type=\"widget\" data-widget_type=\"button.default\">\n\t\t\t\t<div class=\"elementor-widget-container\">\n\t\t\t\t\t\t\t\t\t<div class=\"elementor-button-wrapper\">\n\t\t\t\t\t<a class=\"elementor-button elementor-button-link elementor-size-sm\" href=\"https:\/\/cyclingdestination.cc\/de\/tips\/de-eerste-keer-wielrennen-waar-moet-je-op-letten\/\">\n\t\t\t\t\t\t<span class=\"elementor-button-content-wrapper\">\n\t\t\t\t\t\t\t\t\t<span class=\"elementor-button-text\">Das erste Mal Radfahren<\/span>\n\t\t\t\t\t<\/span>\n\t\t\t\t\t<\/a>\n\t\t\t\t<\/div>\n\t\t\t\t\t\t\t\t<\/div>\n\t\t\t\t<\/div>\n\t\t\t\t<div class=\"elementor-element elementor-element-c5def3b elementor-align-center elementor-widget elementor-widget-button\" data-id=\"c5def3b\" data-element_type=\"widget\" data-e-type=\"widget\" data-widget_type=\"button.default\">\n\t\t\t\t<div class=\"elementor-widget-container\">\n\t\t\t\t\t\t\t\t\t<div class=\"elementor-button-wrapper\">\n\t\t\t\t\t<a class=\"elementor-button elementor-button-link elementor-size-sm\" href=\"https:\/\/cyclingdestination.cc\/de\/verhalen\/10-musthaves-voor-beginnende-wielrenners\/\">\n\t\t\t\t\t\t<span class=\"elementor-button-content-wrapper\">\n\t\t\t\t\t\t\t\t\t<span class=\"elementor-button-text\">Must-haves f\u00fcr Radfahranf\u00e4nger<\/span>\n\t\t\t\t\t<\/span>\n\t\t\t\t\t<\/a>\n\t\t\t\t<\/div>\n\t\t\t\t\t\t\t\t<\/div>\n\t\t\t\t<\/div>\n\t\t\t\t<div class=\"elementor-element elementor-element-12d23b1 elementor-widget elementor-widget-spacer\" data-id=\"12d23b1\" data-element_type=\"widget\" data-e-type=\"widget\" data-widget_type=\"spacer.default\">\n\t\t\t\t<div class=\"elementor-widget-container\">\n\t\t\t\t\t\t\t<div class=\"elementor-spacer\">\n\t\t\t<div class=\"elementor-spacer-inner\"><\/div>\n\t\t<\/div>\n\t\t\t\t\t\t<\/div>\n\t\t\t\t<\/div>\n\t\t\t\t\t<\/div>\n\t\t\t\t<\/div>\n\t\t<div class=\"elementor-element elementor-element-bc8fa2e e-flex e-con-boxed e-con e-parent\" data-id=\"bc8fa2e\" data-element_type=\"container\" data-e-type=\"container\">\n\t\t\t\t\t<div class=\"e-con-inner\">\n\t\t\t\t\t<\/div>\n\t\t\t\t<\/div>\n\t\t<div class=\"elementor-element elementor-element-dd6e190 e-flex e-con-boxed e-con e-parent\" data-id=\"dd6e190\" data-element_type=\"container\" data-e-type=\"container\">\n\t\t\t\t\t<div class=\"e-con-inner\">\n\t\t\t\t<div class=\"elementor-element elementor-element-fb84b7e elementor-widget elementor-widget-heading\" data-id=\"fb84b7e\" data-element_type=\"widget\" data-e-type=\"widget\" data-widget_type=\"heading.default\">\n\t\t\t\t<div class=\"elementor-widget-container\">\n\t\t\t\t\t<h2 class=\"elementor-heading-title elementor-size-default\">Neueste Beitr\u00e4ge<\/h2>\t\t\t\t<\/div>\n\t\t\t\t<\/div>\n\t\t\t\t<div class=\"elementor-element elementor-element-0043f03 elementor-grid-3 elementor-grid-tablet-2 elementor-grid-mobile-1 elementor-widget elementor-widget-portfolio\" data-id=\"0043f03\" data-element_type=\"widget\" data-e-type=\"widget\" data-settings=\"{&quot;columns&quot;:&quot;3&quot;,&quot;columns_tablet&quot;:&quot;2&quot;,&quot;columns_mobile&quot;:&quot;1&quot;,&quot;item_ratio&quot;:{&quot;unit&quot;:&quot;px&quot;,&quot;size&quot;:0.66,&quot;sizes&quot;:[]},&quot;item_gap&quot;:{&quot;unit&quot;:&quot;px&quot;,&quot;size&quot;:&quot;&quot;,&quot;sizes&quot;:[]},&quot;row_gap&quot;:{&quot;unit&quot;:&quot;px&quot;,&quot;size&quot;:&quot;&quot;,&quot;sizes&quot;:[]}}\" data-widget_type=\"portfolio.default\">\n\t\t\t\t<div class=\"elementor-widget-container\">\n\t\t\t\t\t\t\t<div class=\"elementor-portfolio elementor-grid elementor-posts-container\" role=\"list\">\n\t\t\t\t<article class=\"elementor-portfolio-item elementor-post  post-26342 post type-post status-publish format-standard has-post-thumbnail hentry category-italie category-ligurie category-verhalen tag-fietspaden tag-ligurie tag-pedala-a-ponente\" role=\"listitem\">\n\t\t\t<a class=\"elementor-post__thumbnail__link\" href=\"https:\/\/cyclingdestination.cc\/de\/verhalen\/pedala-a-ponente-liguria-cycling-network-guide\">\n\t\t\t\t<div class=\"elementor-portfolio-item__img elementor-post__thumbnail\">\n\t\t\t<img fetchpriority=\"high\" decoding=\"async\" width=\"300\" height=\"200\" src=\"https:\/\/cyclingdestination.cc\/wp-content\/uploads\/2026\/04\/AdobeStock_466710788-300x200.jpeg\" class=\"attachment-medium size-medium wp-image-26498\" alt=\"\" srcset=\"https:\/\/cyclingdestination.cc\/wp-content\/uploads\/2026\/04\/AdobeStock_466710788-300x200.jpeg 300w, https:\/\/cyclingdestination.cc\/wp-content\/uploads\/2026\/04\/AdobeStock_466710788-1024x683.jpeg 1024w, https:\/\/cyclingdestination.cc\/wp-content\/uploads\/2026\/04\/AdobeStock_466710788-768x512.jpeg 768w, https:\/\/cyclingdestination.cc\/wp-content\/uploads\/2026\/04\/AdobeStock_466710788-1536x1024.jpeg 1536w, https:\/\/cyclingdestination.cc\/wp-content\/uploads\/2026\/04\/AdobeStock_466710788-18x12.jpeg 18w, https:\/\/cyclingdestination.cc\/wp-content\/uploads\/2026\/04\/AdobeStock_466710788.jpeg 1920w\" sizes=\"(max-width: 300px) 100vw, 300px\" \/>\t\t<\/div>\n\t\t\t\t<div class=\"elementor-portfolio-item__overlay\">\n\t\t\t\t<h3 class=\"elementor-portfolio-item__title\">\n\t\tPedala a Ponente \u2013 1.600 Kilometer Reden om het Ligurische Binnenland in te Duiken\t\t<\/h3>\n\t\t\t\t<\/div>\n\t\t\t\t<\/a>\n\t\t<\/article>\n\t\t\t\t<article class=\"elementor-portfolio-item elementor-post  post-26475 post type-post status-publish format-standard has-post-thumbnail hentry category-extremadura category-spanje category-verhalen tag-extremadura tag-greenways tag-spanje\" role=\"listitem\">\n\t\t\t<a class=\"elementor-post__thumbnail__link\" href=\"https:\/\/cyclingdestination.cc\/de\/verhalen\/onontdekt-extremadura-in-spanje-mag-op-de-bucketlist-voor-jouw-volgende-fietsvakantie\">\n\t\t\t\t<div class=\"elementor-portfolio-item__img elementor-post__thumbnail\">\n\t\t\t<img decoding=\"async\" width=\"300\" height=\"200\" src=\"https:\/\/cyclingdestination.cc\/wp-content\/uploads\/2026\/04\/Via-Verde-de-Monfrague-\u00a9-Turismo-de-Extremadura-5-300x200.jpg\" class=\"attachment-medium size-medium wp-image-26483\" alt=\"\" srcset=\"https:\/\/cyclingdestination.cc\/wp-content\/uploads\/2026\/04\/Via-Verde-de-Monfrague-\u00a9-Turismo-de-Extremadura-5-300x200.jpg 300w, https:\/\/cyclingdestination.cc\/wp-content\/uploads\/2026\/04\/Via-Verde-de-Monfrague-\u00a9-Turismo-de-Extremadura-5-1024x683.jpg 1024w, https:\/\/cyclingdestination.cc\/wp-content\/uploads\/2026\/04\/Via-Verde-de-Monfrague-\u00a9-Turismo-de-Extremadura-5-768x512.jpg 768w, https:\/\/cyclingdestination.cc\/wp-content\/uploads\/2026\/04\/Via-Verde-de-Monfrague-\u00a9-Turismo-de-Extremadura-5-1536x1024.jpg 1536w, https:\/\/cyclingdestination.cc\/wp-content\/uploads\/2026\/04\/Via-Verde-de-Monfrague-\u00a9-Turismo-de-Extremadura-5-18x12.jpg 18w, https:\/\/cyclingdestination.cc\/wp-content\/uploads\/2026\/04\/Via-Verde-de-Monfrague-\u00a9-Turismo-de-Extremadura-5.jpg 1920w\" sizes=\"(max-width: 300px) 100vw, 300px\" \/>\t\t<\/div>\n\t\t\t\t<div class=\"elementor-portfolio-item__overlay\">\n\t\t\t\t<h3 class=\"elementor-portfolio-item__title\">\n\t\tOnontdekt: Extremadura in Spanje mag op de bucketlist voor jouw volgende fietsvakantie\t\t<\/h3>\n\t\t\t\t<\/div>\n\t\t\t\t<\/a>\n\t\t<\/article>\n\t\t\t\t<article class=\"elementor-portfolio-item elementor-post  post-26462 post type-post status-publish format-standard has-post-thumbnail hentry category-nieuws category-verhalen category-zweden tag-gravel tag-vatternrundan\" role=\"listitem\">\n\t\t\t<a class=\"elementor-post__thumbnail__link\" href=\"https:\/\/cyclingdestination.cc\/de\/nieuws\/vatternrundan-gravel-event-motala-zweden-2026\">\n\t\t\t\t<div class=\"elementor-portfolio-item__img elementor-post__thumbnail\">\n\t\t\t<img decoding=\"async\" width=\"300\" height=\"200\" src=\"https:\/\/cyclingdestination.cc\/wp-content\/uploads\/2026\/04\/patrik_svedberg-biking_with_a_view-6425-2-300x200.jpg\" class=\"attachment-medium size-medium wp-image-26473\" alt=\"\" srcset=\"https:\/\/cyclingdestination.cc\/wp-content\/uploads\/2026\/04\/patrik_svedberg-biking_with_a_view-6425-2-300x200.jpg 300w, https:\/\/cyclingdestination.cc\/wp-content\/uploads\/2026\/04\/patrik_svedberg-biking_with_a_view-6425-2-1024x683.jpg 1024w, https:\/\/cyclingdestination.cc\/wp-content\/uploads\/2026\/04\/patrik_svedberg-biking_with_a_view-6425-2-768x512.jpg 768w, https:\/\/cyclingdestination.cc\/wp-content\/uploads\/2026\/04\/patrik_svedberg-biking_with_a_view-6425-2-1536x1024.jpg 1536w, https:\/\/cyclingdestination.cc\/wp-content\/uploads\/2026\/04\/patrik_svedberg-biking_with_a_view-6425-2-18x12.jpg 18w, https:\/\/cyclingdestination.cc\/wp-content\/uploads\/2026\/04\/patrik_svedberg-biking_with_a_view-6425-2.jpg 1920w\" sizes=\"(max-width: 300px) 100vw, 300px\" \/>\t\t<\/div>\n\t\t\t\t<div class=\"elementor-portfolio-item__overlay\">\n\t\t\t\t<h3 class=\"elementor-portfolio-item__title\">\n\t\tV\u00e4tternrundan voegt gravel race toe in September 2026\t\t<\/h3>\n\t\t\t\t<\/div>\n\t\t\t\t<\/a>\n\t\t<\/article>\n\t\t\t\t<article class=\"elementor-portfolio-item elementor-post  post-26399 post type-post status-publish format-standard has-post-thumbnail hentry category-gravel category-spanje category-verhalen tag-catalonie tag-grand-tour-catalonie tag-gravel\" role=\"listitem\">\n\t\t\t<a class=\"elementor-post__thumbnail__link\" href=\"https:\/\/cyclingdestination.cc\/de\/gravel\/grand-tour-catalunya-gravel-route-catalonie-2500km\">\n\t\t\t\t<div class=\"elementor-portfolio-item__img elementor-post__thumbnail\">\n\t\t\t<img loading=\"lazy\" decoding=\"async\" width=\"300\" height=\"200\" src=\"https:\/\/cyclingdestination.cc\/wp-content\/uploads\/2025\/11\/\u00a9Bram-de-Vrind.-202304-Catalunya-Costa-Brava-fietsreis-Catalonie-04-300x200.jpg\" class=\"attachment-medium size-medium wp-image-25340\" alt=\"\" srcset=\"https:\/\/cyclingdestination.cc\/wp-content\/uploads\/2025\/11\/\u00a9Bram-de-Vrind.-202304-Catalunya-Costa-Brava-fietsreis-Catalonie-04-300x200.jpg 300w, https:\/\/cyclingdestination.cc\/wp-content\/uploads\/2025\/11\/\u00a9Bram-de-Vrind.-202304-Catalunya-Costa-Brava-fietsreis-Catalonie-04-1024x683.jpg 1024w, https:\/\/cyclingdestination.cc\/wp-content\/uploads\/2025\/11\/\u00a9Bram-de-Vrind.-202304-Catalunya-Costa-Brava-fietsreis-Catalonie-04-768x512.jpg 768w, https:\/\/cyclingdestination.cc\/wp-content\/uploads\/2025\/11\/\u00a9Bram-de-Vrind.-202304-Catalunya-Costa-Brava-fietsreis-Catalonie-04-1536x1024.jpg 1536w, https:\/\/cyclingdestination.cc\/wp-content\/uploads\/2025\/11\/\u00a9Bram-de-Vrind.-202304-Catalunya-Costa-Brava-fietsreis-Catalonie-04-18x12.jpg 18w, https:\/\/cyclingdestination.cc\/wp-content\/uploads\/2025\/11\/\u00a9Bram-de-Vrind.-202304-Catalunya-Costa-Brava-fietsreis-Catalonie-04.jpg 1920w\" sizes=\"(max-width: 300px) 100vw, 300px\" \/>\t\t<\/div>\n\t\t\t\t<div class=\"elementor-portfolio-item__overlay\">\n\t\t\t\t<h3 class=\"elementor-portfolio-item__title\">\n\t\tGrand Tour Catalunya Gravel Gelanceerd: 2.500 km Zelfgereden Gravelronde Door Cataloni\u00eb\t\t<\/h3>\n\t\t\t\t<\/div>\n\t\t\t\t<\/a>\n\t\t<\/article>\n\t\t\t\t<article class=\"elementor-portfolio-item elementor-post  post-26420 post type-post status-publish format-standard has-post-thumbnail hentry category-spanje category-valencia category-verhalen tag-ciutat-de-les-arts-i-les-ciencies tag-do-you-bike-rental tag-duinen tag-fietsbestemming tag-fietsen tag-fietsverhuur tag-fietsvriendelijk tag-gravelbike tag-gravelpaden tag-hoogtemeters tag-lalbufera tag-metro tag-olympia-hotel tag-racefiets tag-rijstvelden tag-seizoensroute tag-sierra-calderona tag-strand tag-turia-park tag-valenbisi tag-valencia tag-winterroute tag-zoetwatermeer tag-zomerroute\" role=\"listitem\">\n\t\t\t<a class=\"elementor-post__thumbnail__link\" href=\"https:\/\/cyclingdestination.cc\/de\/verhalen\/spanje\/fietsbestemming-valencia-tips-routes-gids\">\n\t\t\t\t<div class=\"elementor-portfolio-item__img elementor-post__thumbnail\">\n\t\t\t<img loading=\"lazy\" decoding=\"async\" width=\"300\" height=\"200\" src=\"https:\/\/cyclingdestination.cc\/wp-content\/uploads\/2026\/04\/AdobeStock_474880695-300x200.jpeg\" class=\"attachment-medium size-medium wp-image-26445\" alt=\"\" srcset=\"https:\/\/cyclingdestination.cc\/wp-content\/uploads\/2026\/04\/AdobeStock_474880695-300x200.jpeg 300w, https:\/\/cyclingdestination.cc\/wp-content\/uploads\/2026\/04\/AdobeStock_474880695-1024x683.jpeg 1024w, https:\/\/cyclingdestination.cc\/wp-content\/uploads\/2026\/04\/AdobeStock_474880695-768x512.jpeg 768w, https:\/\/cyclingdestination.cc\/wp-content\/uploads\/2026\/04\/AdobeStock_474880695-1536x1024.jpeg 1536w, https:\/\/cyclingdestination.cc\/wp-content\/uploads\/2026\/04\/AdobeStock_474880695-18x12.jpeg 18w, https:\/\/cyclingdestination.cc\/wp-content\/uploads\/2026\/04\/AdobeStock_474880695.jpeg 1920w\" sizes=\"(max-width: 300px) 100vw, 300px\" \/>\t\t<\/div>\n\t\t\t\t<div class=\"elementor-portfolio-item__overlay\">\n\t\t\t\t<h3 class=\"elementor-portfolio-item__title\">\n\t\tDie Region Valencia mit dem Fahrrad: Vielseitigkeit von einem Basislager\t\t<\/h3>\n\t\t\t\t<\/div>\n\t\t\t\t<\/a>\n\t\t<\/article>\n\t\t\t\t<article class=\"elementor-portfolio-item elementor-post  post-26413 post type-post status-publish format-standard has-post-thumbnail hentry category-gravel category-oostenrijk category-tirol category-verhalen tag-gravel tag-gravelroutes tag-gravelroutes-tirol tag-oostenrijk\" role=\"listitem\">\n\t\t\t<a class=\"elementor-post__thumbnail__link\" href=\"https:\/\/cyclingdestination.cc\/de\/gravel\/gravel-in-oostenrijk-tiroler-zugspitz-arena-biedt-opties\">\n\t\t\t\t<div class=\"elementor-portfolio-item__img elementor-post__thumbnail\">\n\t\t\t<img loading=\"lazy\" decoding=\"async\" width=\"300\" height=\"200\" src=\"https:\/\/cyclingdestination.cc\/wp-content\/uploads\/2026\/03\/Credits-TZA-Nikola_Radovic8-300x200.jpg\" class=\"attachment-medium size-medium wp-image-26414\" alt=\"\" srcset=\"https:\/\/cyclingdestination.cc\/wp-content\/uploads\/2026\/03\/Credits-TZA-Nikola_Radovic8-300x200.jpg 300w, https:\/\/cyclingdestination.cc\/wp-content\/uploads\/2026\/03\/Credits-TZA-Nikola_Radovic8-1024x682.jpg 1024w, https:\/\/cyclingdestination.cc\/wp-content\/uploads\/2026\/03\/Credits-TZA-Nikola_Radovic8-768x511.jpg 768w, https:\/\/cyclingdestination.cc\/wp-content\/uploads\/2026\/03\/Credits-TZA-Nikola_Radovic8-1536x1022.jpg 1536w, https:\/\/cyclingdestination.cc\/wp-content\/uploads\/2026\/03\/Credits-TZA-Nikola_Radovic8-18x12.jpg 18w, https:\/\/cyclingdestination.cc\/wp-content\/uploads\/2026\/03\/Credits-TZA-Nikola_Radovic8.jpg 1920w\" sizes=\"(max-width: 300px) 100vw, 300px\" \/>\t\t<\/div>\n\t\t\t\t<div class=\"elementor-portfolio-item__overlay\">\n\t\t\t\t<h3 class=\"elementor-portfolio-item__title\">\n\t\tSchotter in \u00d6sterreich: Tiroler Zugspitz Arena bietet M\u00f6glichkeiten\t\t<\/h3>\n\t\t\t\t<\/div>\n\t\t\t\t<\/a>\n\t\t<\/article>\n\t\t\t\t<\/div>\n\t\t\t\t\t\t<\/div>\n\t\t\t\t<\/div>\n\t\t\t\t\t<\/div>\n\t\t\t\t<\/div>\n\t\t\t\t<\/div>","protected":false},"excerpt":{"rendered":"<p>Schoenplaatjes en pedalen &#8211; wat heb ik nodig? Schakelgroepen &#8211; uitleg en verschil Shimano &#8211; Sram &#8211; Campagnolo Gravelen in de Achterhoek Turkije nieuwe fietsbestemming Ode aan de Drentsche Dorpen Indoor Trainen als voorbereiding op jouw fietsavontuur 10 tips voor jouw fietsvakantie in het najaar 10 tips voor Routes in Engeland TERUGROEPACTIE SHIMANO HOLLOWTECH II [&hellip;]<\/p>\n","protected":false},"author":1,"featured_media":11856,"parent":0,"menu_order":0,"comment_status":"closed","ping_status":"closed","template":"","meta":{"_acf_changed":false,"iawp_total_views":890,"footnotes":""},"categories":[],"tags":[],"class_list":["post-8279","page","type-page","status-publish","has-post-thumbnail","hentry"],"acf":[],"featured_image_url":{"thumbnail":"https:\/\/cyclingdestination.cc\/wp-content\/uploads\/2023\/05\/SJKF9033-150x150.webp","medium":"https:\/\/cyclingdestination.cc\/wp-content\/uploads\/2023\/05\/SJKF9033-300x200.webp","medium_large":"https:\/\/cyclingdestination.cc\/wp-content\/uploads\/2023\/05\/SJKF9033-768x512.webp","large":"https:\/\/cyclingdestination.cc\/wp-content\/uploads\/2023\/05\/SJKF9033-1024x683.webp","1536x1536":"https:\/\/cyclingdestination.cc\/wp-content\/uploads\/2023\/05\/SJKF9033-1536x1024.webp","2048x2048":"https:\/\/cyclingdestination.cc\/wp-content\/uploads\/2023\/05\/SJKF9033-2048x1365.webp","trp-custom-language-flag":"https:\/\/cyclingdestination.cc\/wp-content\/uploads\/2023\/05\/SJKF9033-scaled.webp"},"post_author":"Sander","assigned_categories":"","yoast_head":"<!-- This site is optimized with the Yoast SEO plugin v27.5 - https:\/\/yoast.com\/product\/yoast-seo-wordpress\/ -->\n<title>Linktree - Cycling Destination<\/title>\n<meta name=\"description\" content=\"Linktree pagina voor CyclingDestination.cc met recente content over fietsvakanties, tips en meer. Linktree voor insta.\" \/>\n<meta name=\"robots\" content=\"index, follow, max-snippet:-1, max-image-preview:large, max-video-preview:-1\" \/>\n<link rel=\"canonical\" href=\"https:\/\/cyclingdestination.cc\/de\/linktree\/\" \/>\n<meta property=\"og:locale\" content=\"de_DE\" \/>\n<meta property=\"og:type\" content=\"article\" \/>\n<meta property=\"og:title\" content=\"Linktree - Cycling Destination\" \/>\n<meta property=\"og:description\" content=\"Linktree pagina voor CyclingDestination.cc met recente content over fietsvakanties, tips en meer. Linktree voor insta.\" \/>\n<meta property=\"og:url\" content=\"https:\/\/cyclingdestination.cc\/de\/linktree\/\" \/>\n<meta property=\"og:site_name\" content=\"Cycling Destination\" \/>\n<meta property=\"article:publisher\" content=\"https:\/\/www.facebook.com\/cyclingdestination.cc\" \/>\n<meta property=\"article:modified_time\" content=\"2024-06-13T09:32:30+00:00\" \/>\n<meta property=\"og:image\" content=\"https:\/\/cyclingdestination.cc\/wp-content\/uploads\/2023\/05\/SJKF9033-scaled.webp\" \/>\n\t<meta property=\"og:image:width\" content=\"1080\" \/>\n\t<meta property=\"og:image:height\" content=\"720\" \/>\n\t<meta property=\"og:image:type\" content=\"image\/jpeg\" \/>\n<meta name=\"twitter:card\" content=\"summary_large_image\" \/>\n<meta name=\"twitter:site\" content=\"@cyclingdestin\" \/>\n<meta name=\"twitter:label1\" content=\"Gesch\u00e4tzte Lesezeit\" \/>\n\t<meta name=\"twitter:data1\" content=\"2\u00a0Minuten\" \/>\n<script type=\"application\/ld+json\" class=\"yoast-schema-graph\">{\"@context\":\"https:\\\/\\\/schema.org\",\"@graph\":[{\"@type\":\"WebPage\",\"@id\":\"https:\\\/\\\/cyclingdestination.cc\\\/linktree\",\"url\":\"https:\\\/\\\/cyclingdestination.cc\\\/linktree\",\"name\":\"Linktree - Cycling Destination\",\"isPartOf\":{\"@id\":\"https:\\\/\\\/cyclingdestination.cc\\\/#website\"},\"primaryImageOfPage\":{\"@id\":\"https:\\\/\\\/cyclingdestination.cc\\\/linktree#primaryimage\"},\"image\":{\"@id\":\"https:\\\/\\\/cyclingdestination.cc\\\/linktree#primaryimage\"},\"thumbnailUrl\":\"https:\\\/\\\/cyclingdestination.cc\\\/wp-content\\\/uploads\\\/2023\\\/05\\\/SJKF9033-scaled.webp\",\"datePublished\":\"2022-08-22T10:48:20+00:00\",\"dateModified\":\"2024-06-13T09:32:30+00:00\",\"description\":\"Linktree pagina voor CyclingDestination.cc met recente content over fietsvakanties, tips en meer. Linktree voor insta.\",\"breadcrumb\":{\"@id\":\"https:\\\/\\\/cyclingdestination.cc\\\/linktree#breadcrumb\"},\"inLanguage\":\"de\",\"potentialAction\":[{\"@type\":\"ReadAction\",\"target\":[\"https:\\\/\\\/cyclingdestination.cc\\\/linktree\"]}]},{\"@type\":\"ImageObject\",\"inLanguage\":\"de\",\"@id\":\"https:\\\/\\\/cyclingdestination.cc\\\/linktree#primaryimage\",\"url\":\"https:\\\/\\\/cyclingdestination.cc\\\/wp-content\\\/uploads\\\/2023\\\/05\\\/SJKF9033-scaled.webp\",\"contentUrl\":\"https:\\\/\\\/cyclingdestination.cc\\\/wp-content\\\/uploads\\\/2023\\\/05\\\/SJKF9033-scaled.webp\",\"width\":1080,\"height\":720},{\"@type\":\"BreadcrumbList\",\"@id\":\"https:\\\/\\\/cyclingdestination.cc\\\/linktree#breadcrumb\",\"itemListElement\":[{\"@type\":\"ListItem\",\"position\":1,\"name\":\"Home\",\"item\":\"https:\\\/\\\/cyclingdestination.cc\\\/\"},{\"@type\":\"ListItem\",\"position\":2,\"name\":\"Linktree\"}]},{\"@type\":\"WebSite\",\"@id\":\"https:\\\/\\\/cyclingdestination.cc\\\/#website\",\"url\":\"https:\\\/\\\/cyclingdestination.cc\\\/\",\"name\":\"Cycling Destination\",\"description\":\"Inspiratie voor jouw volgende fietsavontuur\",\"publisher\":{\"@id\":\"https:\\\/\\\/cyclingdestination.cc\\\/#organization\"},\"potentialAction\":[{\"@type\":\"SearchAction\",\"target\":{\"@type\":\"EntryPoint\",\"urlTemplate\":\"https:\\\/\\\/cyclingdestination.cc\\\/?s={search_term_string}\"},\"query-input\":{\"@type\":\"PropertyValueSpecification\",\"valueRequired\":true,\"valueName\":\"search_term_string\"}}],\"inLanguage\":\"de\"},{\"@type\":\"Organization\",\"@id\":\"https:\\\/\\\/cyclingdestination.cc\\\/#organization\",\"name\":\"Cycling Destination\",\"url\":\"https:\\\/\\\/cyclingdestination.cc\\\/\",\"logo\":{\"@type\":\"ImageObject\",\"inLanguage\":\"de\",\"@id\":\"https:\\\/\\\/cyclingdestination.cc\\\/#\\\/schema\\\/logo\\\/image\\\/\",\"url\":\"https:\\\/\\\/cyclingdestination.cc\\\/wp-content\\\/uploads\\\/2022\\\/01\\\/cyclingdestination_logo_RGB_zwart_vDEF-1.png\",\"contentUrl\":\"https:\\\/\\\/cyclingdestination.cc\\\/wp-content\\\/uploads\\\/2022\\\/01\\\/cyclingdestination_logo_RGB_zwart_vDEF-1.png\",\"width\":2550,\"height\":814,\"caption\":\"Cycling Destination\"},\"image\":{\"@id\":\"https:\\\/\\\/cyclingdestination.cc\\\/#\\\/schema\\\/logo\\\/image\\\/\"},\"sameAs\":[\"https:\\\/\\\/www.facebook.com\\\/cyclingdestination.cc\",\"https:\\\/\\\/x.com\\\/cyclingdestin\",\"https:\\\/\\\/www.instagram.com\\\/cyclingdestination.cc\\\/\"]}]}<\/script>\n<!-- \/ Yoast SEO plugin. -->","yoast_head_json":{"title":"Linktree - Ziel f\u00fcr Radfahrer","description":"Linktree-Seite f\u00fcr CyclingDestination.cc mit aktuellen Inhalten zu Radreisen, Tipps und mehr. Linktree f\u00fcr Insta.","robots":{"index":"index","follow":"follow","max-snippet":"max-snippet:-1","max-image-preview":"max-image-preview:large","max-video-preview":"max-video-preview:-1"},"canonical":"https:\/\/cyclingdestination.cc\/de\/linktree\/","og_locale":"de_DE","og_type":"article","og_title":"Linktree - Cycling Destination","og_description":"Linktree pagina voor CyclingDestination.cc met recente content over fietsvakanties, tips en meer. Linktree voor insta.","og_url":"https:\/\/cyclingdestination.cc\/de\/linktree\/","og_site_name":"Cycling Destination","article_publisher":"https:\/\/www.facebook.com\/cyclingdestination.cc","article_modified_time":"2024-06-13T09:32:30+00:00","og_image":[{"width":1080,"height":720,"url":"https:\/\/cyclingdestination.cc\/wp-content\/uploads\/2023\/05\/SJKF9033-scaled.webp","type":"image\/jpeg"}],"twitter_card":"summary_large_image","twitter_site":"@cyclingdestin","twitter_misc":{"Gesch\u00e4tzte Lesezeit":"2\u00a0Minuten"},"schema":{"@context":"https:\/\/schema.org","@graph":[{"@type":"WebPage","@id":"https:\/\/cyclingdestination.cc\/linktree","url":"https:\/\/cyclingdestination.cc\/linktree","name":"Linktree - Ziel f\u00fcr Radfahrer","isPartOf":{"@id":"https:\/\/cyclingdestination.cc\/#website"},"primaryImageOfPage":{"@id":"https:\/\/cyclingdestination.cc\/linktree#primaryimage"},"image":{"@id":"https:\/\/cyclingdestination.cc\/linktree#primaryimage"},"thumbnailUrl":"https:\/\/cyclingdestination.cc\/wp-content\/uploads\/2023\/05\/SJKF9033-scaled.webp","datePublished":"2022-08-22T10:48:20+00:00","dateModified":"2024-06-13T09:32:30+00:00","description":"Linktree-Seite f\u00fcr CyclingDestination.cc mit aktuellen Inhalten zu Radreisen, Tipps und mehr. Linktree f\u00fcr Insta.","breadcrumb":{"@id":"https:\/\/cyclingdestination.cc\/linktree#breadcrumb"},"inLanguage":"de","potentialAction":[{"@type":"ReadAction","target":["https:\/\/cyclingdestination.cc\/linktree"]}]},{"@type":"ImageObject","inLanguage":"de","@id":"https:\/\/cyclingdestination.cc\/linktree#primaryimage","url":"https:\/\/cyclingdestination.cc\/wp-content\/uploads\/2023\/05\/SJKF9033-scaled.webp","contentUrl":"https:\/\/cyclingdestination.cc\/wp-content\/uploads\/2023\/05\/SJKF9033-scaled.webp","width":1080,"height":720},{"@type":"BreadcrumbList","@id":"https:\/\/cyclingdestination.cc\/linktree#breadcrumb","itemListElement":[{"@type":"ListItem","position":1,"name":"Home","item":"https:\/\/cyclingdestination.cc\/"},{"@type":"ListItem","position":2,"name":"Linktree"}]},{"@type":"WebSite","@id":"https:\/\/cyclingdestination.cc\/#website","url":"https:\/\/cyclingdestination.cc\/","name":"Ziel Radfahren","description":"Inspiration f\u00fcr Ihr n\u00e4chstes Fahrradabenteuer","publisher":{"@id":"https:\/\/cyclingdestination.cc\/#organization"},"potentialAction":[{"@type":"SearchAction","target":{"@type":"EntryPoint","urlTemplate":"https:\/\/cyclingdestination.cc\/?s={search_term_string}"},"query-input":{"@type":"PropertyValueSpecification","valueRequired":true,"valueName":"search_term_string"}}],"inLanguage":"de"},{"@type":"Organization","@id":"https:\/\/cyclingdestination.cc\/#organization","name":"Ziel Radfahren","url":"https:\/\/cyclingdestination.cc\/","logo":{"@type":"ImageObject","inLanguage":"de","@id":"https:\/\/cyclingdestination.cc\/#\/schema\/logo\/image\/","url":"https:\/\/cyclingdestination.cc\/wp-content\/uploads\/2022\/01\/cyclingdestination_logo_RGB_zwart_vDEF-1.png","contentUrl":"https:\/\/cyclingdestination.cc\/wp-content\/uploads\/2022\/01\/cyclingdestination_logo_RGB_zwart_vDEF-1.png","width":2550,"height":814,"caption":"Cycling Destination"},"image":{"@id":"https:\/\/cyclingdestination.cc\/#\/schema\/logo\/image\/"},"sameAs":["https:\/\/www.facebook.com\/cyclingdestination.cc","https:\/\/x.com\/cyclingdestin","https:\/\/www.instagram.com\/cyclingdestination.cc\/"]}]}},"_links":{"self":[{"href":"https:\/\/cyclingdestination.cc\/de\/wp-json\/wp\/v2\/pages\/8279","targetHints":{"allow":["GET"]}}],"collection":[{"href":"https:\/\/cyclingdestination.cc\/de\/wp-json\/wp\/v2\/pages"}],"about":[{"href":"https:\/\/cyclingdestination.cc\/de\/wp-json\/wp\/v2\/types\/page"}],"author":[{"embeddable":true,"href":"https:\/\/cyclingdestination.cc\/de\/wp-json\/wp\/v2\/users\/1"}],"replies":[{"embeddable":true,"href":"https:\/\/cyclingdestination.cc\/de\/wp-json\/wp\/v2\/comments?post=8279"}],"version-history":[{"count":0,"href":"https:\/\/cyclingdestination.cc\/de\/wp-json\/wp\/v2\/pages\/8279\/revisions"}],"wp:featuredmedia":[{"embeddable":true,"href":"https:\/\/cyclingdestination.cc\/de\/wp-json\/wp\/v2\/media\/11856"}],"wp:attachment":[{"href":"https:\/\/cyclingdestination.cc\/de\/wp-json\/wp\/v2\/media?parent=8279"}],"wp:term":[{"taxonomy":"category","embeddable":true,"href":"https:\/\/cyclingdestination.cc\/de\/wp-json\/wp\/v2\/categories?post=8279"},{"taxonomy":"post_tag","embeddable":true,"href":"https:\/\/cyclingdestination.cc\/de\/wp-json\/wp\/v2\/tags?post=8279"}],"curies":[{"name":"wp","href":"https:\/\/api.w.org\/{rel}","templated":true}]}}